{"id":12408,"date":"2020-02-08T13:36:32","date_gmt":"2020-02-08T12:36:32","guid":{"rendered":"https:\/\/hotelvillaretiro.com\/puertas-abiertas-bodas-villa-retiro\/"},"modified":"2020-02-10T11:06:40","modified_gmt":"2020-02-10T10:06:40","slug":"jornada-portes-obertes-casaments-villa-retiro","status":"publish","type":"page","link":"https:\/\/hotelvillaretiro.com\/ca\/jornada-portes-obertes-casaments-villa-retiro\/","title":{"rendered":"Jornada portes obertes casaments"},"content":{"rendered":"<p>[vc_row css=&#8221;.vc_custom_1581102978885{margin-top: 5% !important;margin-bottom: 5% !important;}&#8221;][vc_column width=&#8221;1\/6&#8243; css=&#8221;.vc_custom_1454023633768{padding-top: 4% !important;padding-right: 3% !important;padding-bottom: 5% !important;}&#8221;][\/vc_column][vc_column width=&#8221;2\/3&#8243;][vc_column_text]<\/p>\n<h3 style=\"text-align: center; font-size: 35px;\"><span style=\"color: #37c1f4;\">Jornada portes obertes casaments<\/span><br \/>\n<span style=\"color: #3b3939;\">Hotel Villa Retiro<\/span><\/h3>\n<p>[\/vc_column_text][vc_text_separator title=&#8221;&#8221; i_icon_fontawesome=&#8221;fa fa-heart&#8221; i_color=&#8221;custom&#8221; el_width=&#8221;50&#8243; add_icon=&#8221;true&#8221; i_custom_color=&#8221;#dd9b9b&#8221;][vc_column_text]<\/p>\n<p style=\"text-align: center;\">Tenim el gust de comunicar-te que el pr\u00f2xim <span style=\"color: #37c1f4;\"><strong> 15 de febrer a les 17:00h <\/strong><\/span> podran assistir a una<span style=\"color: #37c1f4;\"><strong> jornada de portes obertes de casaments a l&#8217;Hotel Villa Retiro<\/strong><\/span>.<br \/>\nVeuen a gaudir d&#8217;un esdeveniment \u00fanic i especial preparat per a l&#8217;ocasi\u00f3.<\/p>\n<p>[\/vc_column_text][vc_empty_space][vc_column_text]<\/p>\n<div class=\"popupaoc-shortcode-preview\" style=\"text-align: center;\">\n<div class=\"popupaoc-shortcode-preview\">[popup_anything id=&#8221;12419&#8243;]<\/div>\n<\/div>\n<p>[\/vc_column_text][\/vc_column][vc_column width=&#8221;1\/6&#8243;][\/vc_column][\/vc_row][vc_row][vc_column][vc_gallery interval=&#8221;3&#8243; images=&#8221;12305,12301,12297,12293,3400,12289,12285&#8243; img_size=&#8221;full&#8221; onclick=&#8221;&#8221;][\/vc_column][\/vc_row][vc_row full_width=&#8221;stretch_row_content_no_spaces&#8221; equal_height=&#8221;yes&#8221; content_placement=&#8221;middle&#8221;][vc_column width=&#8221;1\/2&#8243; css=&#8221;.vc_custom_1581271406895{padding-top: 8% !important;padding-right: 8% !important;padding-bottom: 8% !important;padding-left: 8% !important;background-color: #dd9b9b !important;}&#8221;][cl_heading title=&#8221;Exposici\u00f3 de taules&#8221; style=&#8221;single-line&#8221; icon_left=&#8221;heart&#8221; color=&#8221;#ffffff&#8221;][vc_column_text]<span style=\"color: #ffffff;\">Una taula ben decorada amb una vaixella i una coberteria ben triada \u00e9s la<strong> clau de l&#8217;\u00e8xit de qualsevol esdeveniment<\/strong>. Per\u00f2 fer una bona elecci\u00f3 de tots els elements d&#8217;una taula de casaments \u00e9s un proc\u00e9s tedi\u00f3s i estressant per als nuvis. Per aquest motiu en la nostra<strong> jornada de portes obertes de casaments d&#8217;Hotel Villa Retiro<\/strong> trobessis una selecci\u00f3 de 14 taules vestides diferents, amb diferents estovalles, coberts, vaixella, cristalleria. A m\u00e9s, cada taula ira amb diferents centres florals.<\/span>[\/vc_column_text][\/vc_column][vc_column width=&#8221;1\/2&#8243; css=&#8221;.vc_custom_1581271204375{background-image: url(https:\/\/hotelvillaretiro.com\/wp-content\/uploads\/2020\/02\/fira-nuvis-hotel-villa-presentacion-mesas-boda-puertas-abiertas.jpg?id=12304) !important;}&#8221;][vc_empty_space height=&#8221;500px&#8221;][\/vc_column][\/vc_row][vc_row full_width=&#8221;stretch_row_content&#8221; equal_height=&#8221;yes&#8221; el_class=&#8221;reorder-xs row-eq-height&#8221;][vc_column width=&#8221;1\/2&#8243; css=&#8221;.vc_custom_1581271291341{background-image: url(https:\/\/hotelvillaretiro.com\/wp-content\/uploads\/2016\/02\/Hotel-Villa-Retiro-eventos-especiales-bodas-bautizos-empersa-Ebre-Xerta.jpg?id=3400) !important;}&#8221;][vc_empty_space height=&#8221;500px&#8221;][\/vc_column][vc_column width=&#8221;1\/2&#8243; css=&#8221;.vc_custom_1581271436228{padding-top: 8% !important;padding-right: 8% !important;padding-bottom: 8% !important;padding-left: 8% !important;background-color: #22baee !important;}&#8221;][cl_heading title=&#8221;Espai de fira&#8221; style=&#8221;single-line&#8221; icon_left=&#8221;diamond&#8221; color=&#8221;#ffffff&#8221;][vc_column_text]<span style=\"color: #ffffff;\">Tamb\u00e9 comptarem amb un espai de &#8220;fira&#8221; amb expositors on podran trob\u00e9s mostres de tot el que es necessita per a un dia tan especial.\u00ad<\/span><\/p>\n<p><span style=\"color: #ffffff;\"><strong>\u2713 prestatges de fot\u00f2grafs<\/strong><\/span><br \/>\n<span style=\"color: #ffffff;\"><strong>\u2713 floristes<\/strong><\/span><br \/>\n<span style=\"color: #ffffff;\"><strong>\u2713 <span class=\"hiddenSpellError\">photocall<\/span><\/strong><\/span><br \/>\n<span style=\"color: #ffffff;\"><strong>\u2713 maquillatge<\/strong><\/span><br \/>\n<span style=\"color: #ffffff;\"><strong>\u2713 servei de bus<\/strong><\/span><br \/>\n<span style=\"color: #ffffff;\"><strong>\u2713 <span class=\"hiddenSpellError\">djs<\/span><\/strong><\/span><br \/>\n<span style=\"color: #ffffff;\"><strong>\u2713 vestits i joies.<\/strong><\/span><\/p>\n<p><span style=\"color: #ffffff;\"><strong>\u00a0<\/strong><\/span>[\/vc_column_text][\/vc_column][\/vc_row]<\/p>\n","protected":false},"excerpt":{"rendered":"<p>[vc_row css=&#8221;.vc_custom_1581102978885{margin-top: 5% !important;margin-bottom: 5% !important;}&#8221;][vc_column width=&#8221;1\/6&#8243; css=&#8221;.vc_custom_1454023633768{padding-top: 4% !important;padding-right: 3% !important;padding-bottom: 5% !important;}&#8221;][\/vc_column][vc_column width=&#8221;2\/3&#8243;][vc_column_text] Jornada portes obertes casaments Hotel Villa Retiro [\/vc_column_text][vc_text_separator title=&#8221;&#8221; i_icon_fontawesome=&#8221;fa fa-heart&#8221; i_color=&#8221;custom&#8221; el_width=&#8221;50&#8243; add_icon=&#8221;true&#8221; i_custom_color=&#8221;#dd9b9b&#8221;][vc_column_text] Tenim el gust de comunicar-te que el pr\u00f2xim 15 de febrer a les 17:00h podran assistir a una jornada de portes obertes de casaments a [&hellip;]<\/p>\n","protected":false},"author":1,"featured_media":12301,"parent":0,"menu_order":0,"comment_status":"closed","ping_status":"closed","template":"","meta":{"inline_featured_image":false,"footnotes":""},"class_list":["post-12408","page","type-page","status-publish","has-post-thumbnail","hentry"],"yoast_head":"<!-- This site is optimized with the Yoast SEO plugin v27.4 - https:\/\/yoast.com\/product\/yoast-seo-wordpress\/ -->\n<title>Jornada portes obertes casaments - Hotel Villa Retiro<\/title>\n<meta name=\"description\" content=\"El pr\u00f2xim 15 de febrer podran assistir a una jornada de portes obertes de casaments a Hotel Villa Retiro.Un esdeveniment especial preparat per a l&#039;ocasi\u00f3\" \/>\n<meta name=\"robots\" content=\"index, follow, max-snippet:-1, max-image-preview:large, max-video-preview:-1\" \/>\n<link rel=\"canonical\" href=\"https:\/\/hotelvillaretiro.com\/ca\/jornada-portes-obertes-casaments-villa-retiro\/\" \/>\n<meta property=\"og:locale\" content=\"ca_ES\" \/>\n<meta property=\"og:type\" content=\"article\" \/>\n<meta property=\"og:title\" content=\"Jornada portes obertes casaments - Hotel Villa Retiro\" \/>\n<meta property=\"og:description\" content=\"El pr\u00f2xim 15 de febrer podran assistir a una jornada de portes obertes de casaments a Hotel Villa Retiro.Un esdeveniment especial preparat per a l&#039;ocasi\u00f3\" \/>\n<meta property=\"og:url\" content=\"https:\/\/hotelvillaretiro.com\/ca\/jornada-portes-obertes-casaments-villa-retiro\/\" \/>\n<meta property=\"og:site_name\" content=\"Hotel Villa Retiro\" \/>\n<meta property=\"article:modified_time\" content=\"2020-02-10T10:06:40+00:00\" \/>\n<meta property=\"og:image\" content=\"https:\/\/hotelvillaretiro.com\/wp-content\/uploads\/2020\/02\/fira-nuvis-hotel-villa-presentacion-mesas-boda-feria-casaments-eventos.jpg\" \/>\n\t<meta property=\"og:image:width\" content=\"1200\" \/>\n\t<meta property=\"og:image:height\" content=\"800\" \/>\n\t<meta property=\"og:image:type\" content=\"image\/jpeg\" \/>\n<meta name=\"twitter:card\" content=\"summary_large_image\" \/>\n<meta name=\"twitter:label1\" content=\"Temps estimat de lectura\" \/>\n\t<meta name=\"twitter:data1\" content=\"2 minuts\" \/>\n<script type=\"application\/ld+json\" class=\"yoast-schema-graph\">{\"@context\":\"https:\\\/\\\/schema.org\",\"@graph\":[{\"@type\":\"WebPage\",\"@id\":\"https:\\\/\\\/hotelvillaretiro.com\\\/ca\\\/jornada-portes-obertes-casaments-villa-retiro\\\/\",\"url\":\"https:\\\/\\\/hotelvillaretiro.com\\\/ca\\\/jornada-portes-obertes-casaments-villa-retiro\\\/\",\"name\":\"Jornada portes obertes casaments - Hotel Villa Retiro\",\"isPartOf\":{\"@id\":\"https:\\\/\\\/hotelvillaretiro.com\\\/#website\"},\"primaryImageOfPage\":{\"@id\":\"https:\\\/\\\/hotelvillaretiro.com\\\/ca\\\/jornada-portes-obertes-casaments-villa-retiro\\\/#primaryimage\"},\"image\":{\"@id\":\"https:\\\/\\\/hotelvillaretiro.com\\\/ca\\\/jornada-portes-obertes-casaments-villa-retiro\\\/#primaryimage\"},\"thumbnailUrl\":\"https:\\\/\\\/hotelvillaretiro.com\\\/wp-content\\\/uploads\\\/2020\\\/02\\\/fira-nuvis-hotel-villa-presentacion-mesas-boda-feria-casaments-eventos.jpg\",\"datePublished\":\"2020-02-08T12:36:32+00:00\",\"dateModified\":\"2020-02-10T10:06:40+00:00\",\"description\":\"El pr\u00f2xim 15 de febrer podran assistir a una jornada de portes obertes de casaments a Hotel Villa Retiro.Un esdeveniment especial preparat per a l'ocasi\u00f3\",\"breadcrumb\":{\"@id\":\"https:\\\/\\\/hotelvillaretiro.com\\\/ca\\\/jornada-portes-obertes-casaments-villa-retiro\\\/#breadcrumb\"},\"inLanguage\":\"ca\",\"potentialAction\":[{\"@type\":\"ReadAction\",\"target\":[\"https:\\\/\\\/hotelvillaretiro.com\\\/ca\\\/jornada-portes-obertes-casaments-villa-retiro\\\/\"]}]},{\"@type\":\"ImageObject\",\"inLanguage\":\"ca\",\"@id\":\"https:\\\/\\\/hotelvillaretiro.com\\\/ca\\\/jornada-portes-obertes-casaments-villa-retiro\\\/#primaryimage\",\"url\":\"https:\\\/\\\/hotelvillaretiro.com\\\/wp-content\\\/uploads\\\/2020\\\/02\\\/fira-nuvis-hotel-villa-presentacion-mesas-boda-feria-casaments-eventos.jpg\",\"contentUrl\":\"https:\\\/\\\/hotelvillaretiro.com\\\/wp-content\\\/uploads\\\/2020\\\/02\\\/fira-nuvis-hotel-villa-presentacion-mesas-boda-feria-casaments-eventos.jpg\",\"width\":1200,\"height\":800,\"caption\":\"jornada puertas abiertas\"},{\"@type\":\"BreadcrumbList\",\"@id\":\"https:\\\/\\\/hotelvillaretiro.com\\\/ca\\\/jornada-portes-obertes-casaments-villa-retiro\\\/#breadcrumb\",\"itemListElement\":[{\"@type\":\"ListItem\",\"position\":1,\"name\":\"Portada\",\"item\":\"https:\\\/\\\/hotelvillaretiro.com\\\/ca\\\/home-ca\\\/\"},{\"@type\":\"ListItem\",\"position\":2,\"name\":\"Jornada portes obertes casaments\"}]},{\"@type\":\"WebSite\",\"@id\":\"https:\\\/\\\/hotelvillaretiro.com\\\/#website\",\"url\":\"https:\\\/\\\/hotelvillaretiro.com\\\/\",\"name\":\"Hotel Villa Retiro\",\"description\":\"Hotel de 5 estrellas en les Terres de l&#039;Ebre\",\"publisher\":{\"@id\":\"https:\\\/\\\/hotelvillaretiro.com\\\/#organization\"},\"potentialAction\":[{\"@type\":\"SearchAction\",\"target\":{\"@type\":\"EntryPoint\",\"urlTemplate\":\"https:\\\/\\\/hotelvillaretiro.com\\\/?s={search_term_string}\"},\"query-input\":{\"@type\":\"PropertyValueSpecification\",\"valueRequired\":true,\"valueName\":\"search_term_string\"}}],\"inLanguage\":\"ca\"},{\"@type\":\"Organization\",\"@id\":\"https:\\\/\\\/hotelvillaretiro.com\\\/#organization\",\"name\":\"Hotel Villa Retiro\",\"url\":\"https:\\\/\\\/hotelvillaretiro.com\\\/\",\"logo\":{\"@type\":\"ImageObject\",\"inLanguage\":\"ca\",\"@id\":\"https:\\\/\\\/hotelvillaretiro.com\\\/#\\\/schema\\\/logo\\\/image\\\/\",\"url\":\"https:\\\/\\\/hotelvillaretiro.com\\\/wp-content\\\/uploads\\\/2025\\\/02\\\/hotel-villa-retiro-logo.svg\",\"contentUrl\":\"https:\\\/\\\/hotelvillaretiro.com\\\/wp-content\\\/uploads\\\/2025\\\/02\\\/hotel-villa-retiro-logo.svg\",\"caption\":\"Hotel Villa Retiro\"},\"image\":{\"@id\":\"https:\\\/\\\/hotelvillaretiro.com\\\/#\\\/schema\\\/logo\\\/image\\\/\"}}]}<\/script>\n<!-- \/ Yoast SEO plugin. -->","yoast_head_json":{"title":"Jornada portes obertes casaments - Hotel Villa Retiro","description":"El pr\u00f2xim 15 de febrer podran assistir a una jornada de portes obertes de casaments a Hotel Villa Retiro.Un esdeveniment especial preparat per a l'ocasi\u00f3","robots":{"index":"index","follow":"follow","max-snippet":"max-snippet:-1","max-image-preview":"max-image-preview:large","max-video-preview":"max-video-preview:-1"},"canonical":"https:\/\/hotelvillaretiro.com\/ca\/jornada-portes-obertes-casaments-villa-retiro\/","og_locale":"ca_ES","og_type":"article","og_title":"Jornada portes obertes casaments - Hotel Villa Retiro","og_description":"El pr\u00f2xim 15 de febrer podran assistir a una jornada de portes obertes de casaments a Hotel Villa Retiro.Un esdeveniment especial preparat per a l'ocasi\u00f3","og_url":"https:\/\/hotelvillaretiro.com\/ca\/jornada-portes-obertes-casaments-villa-retiro\/","og_site_name":"Hotel Villa Retiro","article_modified_time":"2020-02-10T10:06:40+00:00","og_image":[{"width":1200,"height":800,"url":"https:\/\/hotelvillaretiro.com\/wp-content\/uploads\/2020\/02\/fira-nuvis-hotel-villa-presentacion-mesas-boda-feria-casaments-eventos.jpg","type":"image\/jpeg"}],"twitter_card":"summary_large_image","twitter_misc":{"Temps estimat de lectura":"2 minuts"},"schema":{"@context":"https:\/\/schema.org","@graph":[{"@type":"WebPage","@id":"https:\/\/hotelvillaretiro.com\/ca\/jornada-portes-obertes-casaments-villa-retiro\/","url":"https:\/\/hotelvillaretiro.com\/ca\/jornada-portes-obertes-casaments-villa-retiro\/","name":"Jornada portes obertes casaments - Hotel Villa Retiro","isPartOf":{"@id":"https:\/\/hotelvillaretiro.com\/#website"},"primaryImageOfPage":{"@id":"https:\/\/hotelvillaretiro.com\/ca\/jornada-portes-obertes-casaments-villa-retiro\/#primaryimage"},"image":{"@id":"https:\/\/hotelvillaretiro.com\/ca\/jornada-portes-obertes-casaments-villa-retiro\/#primaryimage"},"thumbnailUrl":"https:\/\/hotelvillaretiro.com\/wp-content\/uploads\/2020\/02\/fira-nuvis-hotel-villa-presentacion-mesas-boda-feria-casaments-eventos.jpg","datePublished":"2020-02-08T12:36:32+00:00","dateModified":"2020-02-10T10:06:40+00:00","description":"El pr\u00f2xim 15 de febrer podran assistir a una jornada de portes obertes de casaments a Hotel Villa Retiro.Un esdeveniment especial preparat per a l'ocasi\u00f3","breadcrumb":{"@id":"https:\/\/hotelvillaretiro.com\/ca\/jornada-portes-obertes-casaments-villa-retiro\/#breadcrumb"},"inLanguage":"ca","potentialAction":[{"@type":"ReadAction","target":["https:\/\/hotelvillaretiro.com\/ca\/jornada-portes-obertes-casaments-villa-retiro\/"]}]},{"@type":"ImageObject","inLanguage":"ca","@id":"https:\/\/hotelvillaretiro.com\/ca\/jornada-portes-obertes-casaments-villa-retiro\/#primaryimage","url":"https:\/\/hotelvillaretiro.com\/wp-content\/uploads\/2020\/02\/fira-nuvis-hotel-villa-presentacion-mesas-boda-feria-casaments-eventos.jpg","contentUrl":"https:\/\/hotelvillaretiro.com\/wp-content\/uploads\/2020\/02\/fira-nuvis-hotel-villa-presentacion-mesas-boda-feria-casaments-eventos.jpg","width":1200,"height":800,"caption":"jornada puertas abiertas"},{"@type":"BreadcrumbList","@id":"https:\/\/hotelvillaretiro.com\/ca\/jornada-portes-obertes-casaments-villa-retiro\/#breadcrumb","itemListElement":[{"@type":"ListItem","position":1,"name":"Portada","item":"https:\/\/hotelvillaretiro.com\/ca\/home-ca\/"},{"@type":"ListItem","position":2,"name":"Jornada portes obertes casaments"}]},{"@type":"WebSite","@id":"https:\/\/hotelvillaretiro.com\/#website","url":"https:\/\/hotelvillaretiro.com\/","name":"Hotel Villa Retiro","description":"Hotel de 5 estrellas en les Terres de l&#039;Ebre","publisher":{"@id":"https:\/\/hotelvillaretiro.com\/#organization"},"potentialAction":[{"@type":"SearchAction","target":{"@type":"EntryPoint","urlTemplate":"https:\/\/hotelvillaretiro.com\/?s={search_term_string}"},"query-input":{"@type":"PropertyValueSpecification","valueRequired":true,"valueName":"search_term_string"}}],"inLanguage":"ca"},{"@type":"Organization","@id":"https:\/\/hotelvillaretiro.com\/#organization","name":"Hotel Villa Retiro","url":"https:\/\/hotelvillaretiro.com\/","logo":{"@type":"ImageObject","inLanguage":"ca","@id":"https:\/\/hotelvillaretiro.com\/#\/schema\/logo\/image\/","url":"https:\/\/hotelvillaretiro.com\/wp-content\/uploads\/2025\/02\/hotel-villa-retiro-logo.svg","contentUrl":"https:\/\/hotelvillaretiro.com\/wp-content\/uploads\/2025\/02\/hotel-villa-retiro-logo.svg","caption":"Hotel Villa Retiro"},"image":{"@id":"https:\/\/hotelvillaretiro.com\/#\/schema\/logo\/image\/"}}]}},"_links":{"self":[{"href":"https:\/\/hotelvillaretiro.com\/ca\/wp-json\/wp\/v2\/pages\/12408","targetHints":{"allow":["GET"]}}],"collection":[{"href":"https:\/\/hotelvillaretiro.com\/ca\/wp-json\/wp\/v2\/pages"}],"about":[{"href":"https:\/\/hotelvillaretiro.com\/ca\/wp-json\/wp\/v2\/types\/page"}],"author":[{"embeddable":true,"href":"https:\/\/hotelvillaretiro.com\/ca\/wp-json\/wp\/v2\/users\/1"}],"replies":[{"embeddable":true,"href":"https:\/\/hotelvillaretiro.com\/ca\/wp-json\/wp\/v2\/comments?post=12408"}],"version-history":[{"count":0,"href":"https:\/\/hotelvillaretiro.com\/ca\/wp-json\/wp\/v2\/pages\/12408\/revisions"}],"wp:featuredmedia":[{"embeddable":true,"href":"https:\/\/hotelvillaretiro.com\/ca\/wp-json\/wp\/v2\/media\/12301"}],"wp:attachment":[{"href":"https:\/\/hotelvillaretiro.com\/ca\/wp-json\/wp\/v2\/media?parent=12408"}],"curies":[{"name":"wp","href":"https:\/\/api.w.org\/{rel}","templated":true}]}}