{"id":4101,"date":"2015-09-20T15:32:14","date_gmt":"2015-09-20T14:32:14","guid":{"rendered":"http:\/\/hotelvillaretiro.com\/contacto\/?lang=ca"},"modified":"2022-09-27T15:27:23","modified_gmt":"2022-09-27T14:27:23","slug":"contacte","status":"publish","type":"page","link":"https:\/\/hotelvillaretiro.com\/ca\/contacte\/","title":{"rendered":"Contacte"},"content":{"rendered":"<p>[vc_row][vc_column css=&#8221;.vc_custom_1442756448151{padding-top: 3% !important;padding-bottom: 3% !important;}&#8221;][cl_heading title=&#8221;Hotel Villa Retiro&#8221; style=&#8221;single-line&#8221;][vc_column_text][cl_teaser color=&#8221;#444444&#8243;]Envoltat d&#8217;una vegetaci\u00f3 exuberant, s&#8217;aixeca al Resort Villa Retiro. Hotel de 5 estrelles i Restaurant amb 1 Estrella Michelin, a les Terres de l&#8217;Ebre, en un entorn \u00fanic edificat l&#8217;any\u00a01890 i habilitat com a hotel des del mar\u00e7 de 2006.[\/cl_teaser][\/vc_column_text][\/vc_column][\/vc_row][vc_row css=&#8221;.vc_custom_1452877965749{padding-bottom: 3% !important;}&#8221;][vc_column width=&#8221;1\/3&#8243;][cl_icon_box style=&#8221;four&#8221; heading=&#8221;ADRE\u00c7A&#8221; heading_type=&#8221;h4&#8243; heading_transform=&#8221;capitalize&#8221; image=&#8221;35585&#8243; image_width=&#8221;80&#215;80&#8243; heading_color=&#8221;#275277&#8243;]C\/ Molins 2,<br \/>\n43592 Xerta, Tarragona, Espa\u00f1a<br \/>\nGPS: 40\u00ba 54&#8242; 31&#8243; N \/ 0\u00ba 29&#8242; 26&#8243; E<\/p>\n<p>[\/cl_icon_box][\/vc_column][vc_column width=&#8221;1\/3&#8243;][cl_icon_box style=&#8221;four&#8221; heading=&#8221; TEL\u00c8FON&#8221; heading_type=&#8221;h4&#8243; heading_transform=&#8221;capitalize&#8221; image=&#8221;35594&#8243; image_width=&#8221;80&#215;80&#8243; heading_color=&#8221;#275277&#8243;]24\/7 Reserva telef\u00f2nica<\/p>\n<p>Telf. +34 977 473 810<br \/>\nFax. +34 977 47 33 20<\/p>\n<p>[\/cl_icon_box][\/vc_column][vc_column width=&#8221;1\/3&#8243;][cl_icon_box style=&#8221;four&#8221; heading=&#8221;E-MAIL &#8221; heading_type=&#8221;h4&#8243; heading_transform=&#8221;capitalize&#8221; image=&#8221;35590&#8243; image_width=&#8221;80&#215;80&#8243; heading_color=&#8221;#275277&#8243;]Reserva ara per email a:<br \/>\n<a href=\"mailto:reservas@hotelvillaretiro.com\">reservas@hotelvillaretiro.com<\/a><\/p>\n<p>Informaci\u00f3 esdeveniments per email a:<br \/>\n<a href=\"mailto:eventos@hotelvillaretiro.com\">eventos@hotelvillaretiro.com<\/a><\/p>\n<p>[\/cl_icon_box][\/vc_column][\/vc_row][vc_row css=&#8221;.vc_custom_1442755289962{padding-top: 3% !important;padding-bottom: 3% !important;}&#8221;][vc_column][cl_heading title=&#8221;Formulari de contacte&#8221; style=&#8221;single-line&#8221;][contact-form-7 id=&#8221;4104&#8243;][vc_empty_space][\/vc_column][\/vc_row][vc_row][vc_column][vc_column_text]Av\u00eds Legal<\/p>\n<p>Responsable: Hotel Villa Retiro S.L.<br \/>\nFinalitat: Enviar la informaci\u00f3 sol\u00b7licitada, gestionar els productes o serveis sol\u00b7licitats i, quan ens autoritzis, remetre&#8217;t informaci\u00f3 i publicitat de les empreses pertanyents a VILLARETIRO GRUP que pugui ser de el teu inter\u00e8s.<br \/>\nLegitimaci\u00f3: Per a l&#8217;execuci\u00f3 d&#8217;un contracte o per a l&#8217;aplicaci\u00f3 de mesures precontractuales. Consentiment de l&#8217;interessat.<br \/>\nDestinataris: Les teves dades personals podran ser comunicats a les empreses pertanyents a VILLARETIRO GRUP. Nom\u00e9s seran comunicats a tercers aliens al nostre grup de empreses quan sigui estrictament necessari per al desenvolupament dels serveis contractats, per al bon funcionament empresarial o per obligaci\u00f3 legal.<br \/>\nDrets: Acc\u00e9s, rectificaci\u00f3 i supressi\u00f3, limitaci\u00f3 del tractament, portabilitat de les dades, oposici\u00f3 i decisions individuals automatitzades.<br \/>\nInformaci\u00f3 addicional: Pots consultar la informaci\u00f3 addicional i detallada sobre Protecci\u00f3 de Dades en la nostra <a href=\"https:\/\/hotelvillaretiro.com\/ca\/politica-de-privacidad\/\">Pol\u00edtica de privadesa<\/a>.[\/vc_column_text][vc_empty_space][\/vc_column][\/vc_row][vc_row full_width=&#8221;stretch_row_content_no_spaces&#8221; css=&#8221;.vc_custom_1456156560017{padding-bottom: -3% !important;}&#8221;][vc_column][vc_raw_html]JTNDaWZyYW1lJTIwc3JjJTNEJTIyaHR0cHMlM0ElMkYlMkZ3d3cuZ29vZ2xlLmNvbSUyRm1hcHMlMkZlbWJlZCUzRnBiJTNEJTIxMW0xOCUyMTFtMTIlMjExbTMlMjExZDc3MTg3Ny41NDUwODQyOTg1JTIxMmQtMC4wNjk2NTAzNjIyMTg5ODQ3JTIxM2Q0MC45MTI1MzAwNzkzMTA2NSUyMTJtMyUyMTFmMCUyMTJmMCUyMTNmMCUyMTNtMiUyMTFpMTAyNCUyMTJpNzY4JTIxNGYxMy4xJTIxM20zJTIxMW0yJTIxMXMweDEyYTBlNmY4ZDAzN2E3MmIlMjUzQTB4YTA1ZGRmMjRiNDNlY2Q2YiUyMTJzSG90ZWwlMkJWaWxsYXJldGlybyUyMTVlMCUyMTNtMiUyMTFzZXMlMjEyc2VzJTIxNHYxNDU2MTU2MTA5NTc2JTIyJTIwd2lkdGglM0QlMjIxMDAlMjUlMjIlMjBoZWlnaHQlM0QlMjI1MDAlMjIlMjBmcmFtZWJvcmRlciUzRCUyMjAlMjIlMjBzdHlsZSUzRCUyMmJvcmRlciUzQTAlMjIlMjBhbGxvd2Z1bGxzY3JlZW4lM0UlM0MlMkZpZnJhbWUlM0U=[\/vc_raw_html][\/vc_column][\/vc_row]<\/p>\n","protected":false},"excerpt":{"rendered":"<p>[vc_row][vc_column css=&#8221;.vc_custom_1442756448151{padding-top: 3% !important;padding-bottom: 3% !important;}&#8221;][cl_heading title=&#8221;Hotel Villa Retiro&#8221; style=&#8221;single-line&#8221;][vc_column_text][cl_teaser color=&#8221;#444444&#8243;]Envoltat d&#8217;una vegetaci\u00f3 exuberant, s&#8217;aixeca al Resort Villa Retiro. Hotel de 5 estrelles i Restaurant amb 1 Estrella Michelin, a les Terres de l&#8217;Ebre, en un entorn \u00fanic edificat l&#8217;any\u00a01890 i habilitat com a hotel des del mar\u00e7 de 2006.[\/cl_teaser][\/vc_column_text][\/vc_column][\/vc_row][vc_row css=&#8221;.vc_custom_1452877965749{padding-bottom: 3% !important;}&#8221;][vc_column width=&#8221;1\/3&#8243;][cl_icon_box style=&#8221;four&#8221; [&hellip;]<\/p>\n","protected":false},"author":1,"featured_media":3792,"parent":0,"menu_order":0,"comment_status":"closed","ping_status":"closed","template":"","meta":{"inline_featured_image":false,"footnotes":""},"class_list":["post-4101","page","type-page","status-publish","has-post-thumbnail","hentry"],"yoast_head":"<!-- This site is optimized with the Yoast SEO plugin v27.4 - https:\/\/yoast.com\/product\/yoast-seo-wordpress\/ -->\n<title>Contacte - Hotel Villa Retiro<\/title>\n<meta name=\"description\" content=\"Hotel Villa Retiro \u00e9s un hotel colonial de 5 estrelles i Restaurant Villa Retiro amb 1 Estrella Michelin a Xerta, Terres de l&#039;Ebre. Contacte.\" \/>\n<meta name=\"robots\" content=\"index, follow, max-snippet:-1, max-image-preview:large, max-video-preview:-1\" \/>\n<link rel=\"canonical\" href=\"https:\/\/hotelvillaretiro.com\/ca\/contacte\/\" \/>\n<meta property=\"og:locale\" content=\"ca_ES\" \/>\n<meta property=\"og:type\" content=\"article\" \/>\n<meta property=\"og:title\" content=\"Contacte - Hotel Villa Retiro\" \/>\n<meta property=\"og:description\" content=\"Hotel Villa Retiro \u00e9s un hotel colonial de 5 estrelles i Restaurant Villa Retiro amb 1 Estrella Michelin a Xerta, Terres de l&#039;Ebre. Contacte.\" \/>\n<meta property=\"og:url\" content=\"https:\/\/hotelvillaretiro.com\/ca\/contacte\/\" \/>\n<meta property=\"og:site_name\" content=\"Hotel Villa Retiro\" \/>\n<meta property=\"article:modified_time\" content=\"2022-09-27T14:27:23+00:00\" \/>\n<meta property=\"og:image\" content=\"https:\/\/hotelvillaretiro.com\/wp-content\/uploads\/2015\/09\/Hotel-Villa-Retiro-5-estrellas-Xerta-Terres-Ebre-colonial.jpg\" \/>\n\t<meta property=\"og:image:width\" content=\"1200\" \/>\n\t<meta property=\"og:image:height\" content=\"800\" \/>\n\t<meta property=\"og:image:type\" content=\"image\/jpeg\" \/>\n<meta name=\"twitter:card\" content=\"summary_large_image\" \/>\n<meta name=\"twitter:label1\" content=\"Temps estimat de lectura\" \/>\n\t<meta name=\"twitter:data1\" content=\"2 minuts\" \/>\n<script type=\"application\/ld+json\" class=\"yoast-schema-graph\">{\"@context\":\"https:\\\/\\\/schema.org\",\"@graph\":[{\"@type\":\"WebPage\",\"@id\":\"https:\\\/\\\/hotelvillaretiro.com\\\/ca\\\/contacte\\\/\",\"url\":\"https:\\\/\\\/hotelvillaretiro.com\\\/ca\\\/contacte\\\/\",\"name\":\"Contacte - Hotel Villa Retiro\",\"isPartOf\":{\"@id\":\"https:\\\/\\\/hotelvillaretiro.com\\\/#website\"},\"primaryImageOfPage\":{\"@id\":\"https:\\\/\\\/hotelvillaretiro.com\\\/ca\\\/contacte\\\/#primaryimage\"},\"image\":{\"@id\":\"https:\\\/\\\/hotelvillaretiro.com\\\/ca\\\/contacte\\\/#primaryimage\"},\"thumbnailUrl\":\"https:\\\/\\\/hotelvillaretiro.com\\\/wp-content\\\/uploads\\\/2015\\\/09\\\/Hotel-Villa-Retiro-5-estrellas-Xerta-Terres-Ebre-colonial.jpg\",\"datePublished\":\"2015-09-20T14:32:14+00:00\",\"dateModified\":\"2022-09-27T14:27:23+00:00\",\"description\":\"Hotel Villa Retiro \u00e9s un hotel colonial de 5 estrelles i Restaurant Villa Retiro amb 1 Estrella Michelin a Xerta, Terres de l'Ebre. Contacte.\",\"breadcrumb\":{\"@id\":\"https:\\\/\\\/hotelvillaretiro.com\\\/ca\\\/contacte\\\/#breadcrumb\"},\"inLanguage\":\"ca\",\"potentialAction\":[{\"@type\":\"ReadAction\",\"target\":[\"https:\\\/\\\/hotelvillaretiro.com\\\/ca\\\/contacte\\\/\"]}]},{\"@type\":\"ImageObject\",\"inLanguage\":\"ca\",\"@id\":\"https:\\\/\\\/hotelvillaretiro.com\\\/ca\\\/contacte\\\/#primaryimage\",\"url\":\"https:\\\/\\\/hotelvillaretiro.com\\\/wp-content\\\/uploads\\\/2015\\\/09\\\/Hotel-Villa-Retiro-5-estrellas-Xerta-Terres-Ebre-colonial.jpg\",\"contentUrl\":\"https:\\\/\\\/hotelvillaretiro.com\\\/wp-content\\\/uploads\\\/2015\\\/09\\\/Hotel-Villa-Retiro-5-estrellas-Xerta-Terres-Ebre-colonial.jpg\",\"width\":1200,\"height\":800},{\"@type\":\"BreadcrumbList\",\"@id\":\"https:\\\/\\\/hotelvillaretiro.com\\\/ca\\\/contacte\\\/#breadcrumb\",\"itemListElement\":[{\"@type\":\"ListItem\",\"position\":1,\"name\":\"Portada\",\"item\":\"https:\\\/\\\/hotelvillaretiro.com\\\/ca\\\/home-ca\\\/\"},{\"@type\":\"ListItem\",\"position\":2,\"name\":\"Contacte\"}]},{\"@type\":\"WebSite\",\"@id\":\"https:\\\/\\\/hotelvillaretiro.com\\\/#website\",\"url\":\"https:\\\/\\\/hotelvillaretiro.com\\\/\",\"name\":\"Hotel Villa Retiro\",\"description\":\"Hotel de 5 estrellas en les Terres de l&#039;Ebre\",\"publisher\":{\"@id\":\"https:\\\/\\\/hotelvillaretiro.com\\\/#organization\"},\"potentialAction\":[{\"@type\":\"SearchAction\",\"target\":{\"@type\":\"EntryPoint\",\"urlTemplate\":\"https:\\\/\\\/hotelvillaretiro.com\\\/?s={search_term_string}\"},\"query-input\":{\"@type\":\"PropertyValueSpecification\",\"valueRequired\":true,\"valueName\":\"search_term_string\"}}],\"inLanguage\":\"ca\"},{\"@type\":\"Organization\",\"@id\":\"https:\\\/\\\/hotelvillaretiro.com\\\/#organization\",\"name\":\"Hotel Villa Retiro\",\"url\":\"https:\\\/\\\/hotelvillaretiro.com\\\/\",\"logo\":{\"@type\":\"ImageObject\",\"inLanguage\":\"ca\",\"@id\":\"https:\\\/\\\/hotelvillaretiro.com\\\/#\\\/schema\\\/logo\\\/image\\\/\",\"url\":\"https:\\\/\\\/hotelvillaretiro.com\\\/wp-content\\\/uploads\\\/2025\\\/02\\\/hotel-villa-retiro-logo.svg\",\"contentUrl\":\"https:\\\/\\\/hotelvillaretiro.com\\\/wp-content\\\/uploads\\\/2025\\\/02\\\/hotel-villa-retiro-logo.svg\",\"caption\":\"Hotel Villa Retiro\"},\"image\":{\"@id\":\"https:\\\/\\\/hotelvillaretiro.com\\\/#\\\/schema\\\/logo\\\/image\\\/\"}}]}<\/script>\n<!-- \/ Yoast SEO plugin. -->","yoast_head_json":{"title":"Contacte - Hotel Villa Retiro","description":"Hotel Villa Retiro \u00e9s un hotel colonial de 5 estrelles i Restaurant Villa Retiro amb 1 Estrella Michelin a Xerta, Terres de l'Ebre. Contacte.","robots":{"index":"index","follow":"follow","max-snippet":"max-snippet:-1","max-image-preview":"max-image-preview:large","max-video-preview":"max-video-preview:-1"},"canonical":"https:\/\/hotelvillaretiro.com\/ca\/contacte\/","og_locale":"ca_ES","og_type":"article","og_title":"Contacte - Hotel Villa Retiro","og_description":"Hotel Villa Retiro \u00e9s un hotel colonial de 5 estrelles i Restaurant Villa Retiro amb 1 Estrella Michelin a Xerta, Terres de l'Ebre. Contacte.","og_url":"https:\/\/hotelvillaretiro.com\/ca\/contacte\/","og_site_name":"Hotel Villa Retiro","article_modified_time":"2022-09-27T14:27:23+00:00","og_image":[{"width":1200,"height":800,"url":"https:\/\/hotelvillaretiro.com\/wp-content\/uploads\/2015\/09\/Hotel-Villa-Retiro-5-estrellas-Xerta-Terres-Ebre-colonial.jpg","type":"image\/jpeg"}],"twitter_card":"summary_large_image","twitter_misc":{"Temps estimat de lectura":"2 minuts"},"schema":{"@context":"https:\/\/schema.org","@graph":[{"@type":"WebPage","@id":"https:\/\/hotelvillaretiro.com\/ca\/contacte\/","url":"https:\/\/hotelvillaretiro.com\/ca\/contacte\/","name":"Contacte - Hotel Villa Retiro","isPartOf":{"@id":"https:\/\/hotelvillaretiro.com\/#website"},"primaryImageOfPage":{"@id":"https:\/\/hotelvillaretiro.com\/ca\/contacte\/#primaryimage"},"image":{"@id":"https:\/\/hotelvillaretiro.com\/ca\/contacte\/#primaryimage"},"thumbnailUrl":"https:\/\/hotelvillaretiro.com\/wp-content\/uploads\/2015\/09\/Hotel-Villa-Retiro-5-estrellas-Xerta-Terres-Ebre-colonial.jpg","datePublished":"2015-09-20T14:32:14+00:00","dateModified":"2022-09-27T14:27:23+00:00","description":"Hotel Villa Retiro \u00e9s un hotel colonial de 5 estrelles i Restaurant Villa Retiro amb 1 Estrella Michelin a Xerta, Terres de l'Ebre. Contacte.","breadcrumb":{"@id":"https:\/\/hotelvillaretiro.com\/ca\/contacte\/#breadcrumb"},"inLanguage":"ca","potentialAction":[{"@type":"ReadAction","target":["https:\/\/hotelvillaretiro.com\/ca\/contacte\/"]}]},{"@type":"ImageObject","inLanguage":"ca","@id":"https:\/\/hotelvillaretiro.com\/ca\/contacte\/#primaryimage","url":"https:\/\/hotelvillaretiro.com\/wp-content\/uploads\/2015\/09\/Hotel-Villa-Retiro-5-estrellas-Xerta-Terres-Ebre-colonial.jpg","contentUrl":"https:\/\/hotelvillaretiro.com\/wp-content\/uploads\/2015\/09\/Hotel-Villa-Retiro-5-estrellas-Xerta-Terres-Ebre-colonial.jpg","width":1200,"height":800},{"@type":"BreadcrumbList","@id":"https:\/\/hotelvillaretiro.com\/ca\/contacte\/#breadcrumb","itemListElement":[{"@type":"ListItem","position":1,"name":"Portada","item":"https:\/\/hotelvillaretiro.com\/ca\/home-ca\/"},{"@type":"ListItem","position":2,"name":"Contacte"}]},{"@type":"WebSite","@id":"https:\/\/hotelvillaretiro.com\/#website","url":"https:\/\/hotelvillaretiro.com\/","name":"Hotel Villa Retiro","description":"Hotel de 5 estrellas en les Terres de l&#039;Ebre","publisher":{"@id":"https:\/\/hotelvillaretiro.com\/#organization"},"potentialAction":[{"@type":"SearchAction","target":{"@type":"EntryPoint","urlTemplate":"https:\/\/hotelvillaretiro.com\/?s={search_term_string}"},"query-input":{"@type":"PropertyValueSpecification","valueRequired":true,"valueName":"search_term_string"}}],"inLanguage":"ca"},{"@type":"Organization","@id":"https:\/\/hotelvillaretiro.com\/#organization","name":"Hotel Villa Retiro","url":"https:\/\/hotelvillaretiro.com\/","logo":{"@type":"ImageObject","inLanguage":"ca","@id":"https:\/\/hotelvillaretiro.com\/#\/schema\/logo\/image\/","url":"https:\/\/hotelvillaretiro.com\/wp-content\/uploads\/2025\/02\/hotel-villa-retiro-logo.svg","contentUrl":"https:\/\/hotelvillaretiro.com\/wp-content\/uploads\/2025\/02\/hotel-villa-retiro-logo.svg","caption":"Hotel Villa Retiro"},"image":{"@id":"https:\/\/hotelvillaretiro.com\/#\/schema\/logo\/image\/"}}]}},"_links":{"self":[{"href":"https:\/\/hotelvillaretiro.com\/ca\/wp-json\/wp\/v2\/pages\/4101","targetHints":{"allow":["GET"]}}],"collection":[{"href":"https:\/\/hotelvillaretiro.com\/ca\/wp-json\/wp\/v2\/pages"}],"about":[{"href":"https:\/\/hotelvillaretiro.com\/ca\/wp-json\/wp\/v2\/types\/page"}],"author":[{"embeddable":true,"href":"https:\/\/hotelvillaretiro.com\/ca\/wp-json\/wp\/v2\/users\/1"}],"replies":[{"embeddable":true,"href":"https:\/\/hotelvillaretiro.com\/ca\/wp-json\/wp\/v2\/comments?post=4101"}],"version-history":[{"count":0,"href":"https:\/\/hotelvillaretiro.com\/ca\/wp-json\/wp\/v2\/pages\/4101\/revisions"}],"wp:featuredmedia":[{"embeddable":true,"href":"https:\/\/hotelvillaretiro.com\/ca\/wp-json\/wp\/v2\/media\/3792"}],"wp:attachment":[{"href":"https:\/\/hotelvillaretiro.com\/ca\/wp-json\/wp\/v2\/media?parent=4101"}],"curies":[{"name":"wp","href":"https:\/\/api.w.org\/{rel}","templated":true}]}}