{"id":8824,"date":"2018-10-10T17:07:54","date_gmt":"2018-10-10T16:07:54","guid":{"rendered":"http:\/\/hotelvillaretiro.com\/esdeveniments\/comuniones\/"},"modified":"2022-02-04T16:33:45","modified_gmt":"2022-02-04T15:33:45","slug":"comunions","status":"publish","type":"page","link":"https:\/\/hotelvillaretiro.com\/ca\/esdeveniments\/comunions\/","title":{"rendered":"Comunions"},"content":{"rendered":"<p>[vc_row css=&#8221;.vc_custom_1643905621384{margin-bottom: 3% !important;padding-top: 5% !important;background-position: center !important;background-repeat: no-repeat !important;background-size: cover !important;}&#8221;][vc_column][vc_column_text]<\/p>\n<h4 style=\"text-align: center; text-transform: none;\">L&#8217;Hotel Villa Retiro 5\u2605, envoltat de naturalesa, amb un restaurant<br \/>\nEstrella Michelin dirigit pel Xef Fran L\u00f3pez, \u00e9s el lloc ideal<br \/>\nper a celebrar la teva comuni\u00f3 inoblidable.<\/h4>\n<p>[\/vc_column_text][vc_btn title=&#8221;<strong>SOL\u00b7LICITA INFORMACI\u00d3<\/strong>&#8221; style=&#8221;custom&#8221; custom_background=&#8221;#481511&#8243; custom_text=&#8221;#ffffff&#8221; size=&#8221;lg&#8221; align=&#8221;center&#8221; link=&#8221;url:https%3A%2F%2Fhotelvillaretiro.com%2Fca%2Fcontacte%2F||&#8221; css=&#8221;.vc_custom_1643988464082{margin-bottom: 3% !important;}&#8221;][\/vc_column][\/vc_row][vc_row equal_height=&#8221;yes&#8221;][vc_column][vc_row_inner gap=&#8221;4&#8243;][vc_column_inner width=&#8221;1\/3&#8243; css=&#8221;.vc_custom_1643987961328{background-image: url(https:\/\/hotelvillaretiro.com\/wp-content\/uploads\/2022\/02\/Comunio\u0301-Gemma-144-1.jpg?id=38061) !important;background-position: center !important;background-repeat: no-repeat !important;background-size: cover !important;}&#8221;][vc_empty_space height=&#8221;450&#8243;][\/vc_column_inner][vc_column_inner width=&#8221;1\/3&#8243; css=&#8221;.vc_custom_1643904049596{background-image: url(https:\/\/hotelvillaretiro.com\/wp-content\/uploads\/2018\/10\/comuniones-hotel-villaretiro-5-estrellas-estrella-michelin-chef-fran-lopez-delta-del-ebro-xerta-tarragona-5.jpg?id=8734) !important;background-position: center !important;background-repeat: no-repeat !important;background-size: cover !important;}&#8221;][vc_empty_space height=&#8221;450&#8243;][\/vc_column_inner][vc_column_inner width=&#8221;1\/3&#8243; css=&#8221;.vc_custom_1643987635554{background-image: url(https:\/\/hotelvillaretiro.com\/wp-content\/uploads\/2022\/02\/Postcomunio\u0301-Arnau-63-2.jpg?id=38105) !important;background-position: center !important;background-repeat: no-repeat !important;background-size: cover !important;}&#8221;][vc_empty_space height=&#8221;450&#8243;][\/vc_column_inner][\/vc_row_inner][\/vc_column][\/vc_row][vc_row css=&#8221;.vc_custom_1643905333688{margin-top: 5% !important;background-color: #f6f6f6 !important;}&#8221;][vc_column][vc_row_inner][vc_column_inner width=&#8221;1\/2&#8243; css=&#8221;.vc_custom_1643987928290{background-image: url(https:\/\/hotelvillaretiro.com\/wp-content\/uploads\/2022\/02\/Comunio\u0301-Gemma-166-1.jpg?id=38073) !important;background-position: center !important;background-repeat: no-repeat !important;background-size: cover !important;}&#8221;][vc_empty_space height=&#8221;570px&#8221;][\/vc_column_inner][vc_column_inner width=&#8221;1\/2&#8243; css=&#8221;.vc_custom_1643905355383{margin-left: 5% !important;}&#8221;][cl_heading title=&#8221;Qu\u00e8 inclou?&#8221; style=&#8221;single-line&#8221; text_align=&#8221;center&#8221; color=&#8221;#40120f&#8221;][vc_column_text]<\/p>\n<p style=\"text-align: center;\"><span style=\"color: #333333;\">\u2713 Begudes no alcoh\u00f2liques.<\/span><br \/>\n<span style=\"color: #333333;\">\u2713 Begudes alcoh\u00f2liques.<\/span><br \/>\n<span style=\"color: #333333;\">\u2713 Cerveses.<\/span><br \/>\n<span style=\"color: #333333;\">\u2713 Centres de Taula.<\/span><br \/>\n<span style=\"color: #333333;\">\u2713 Minutes.<\/span><br \/>\n<span style=\"color: #333333;\">\u2713 Plans de sala.<\/span><br \/>\n<span style=\"color: #333333;\">\u2713 Noms de Convidats.<\/span><br \/>\n<span style=\"color: #333333;\">\u2713 M\u00fasica Ambient.<\/span><br \/>\n<span style=\"color: #333333;\">\u2713 Lloguer sala (possibilitat sala privada).<\/span><\/p>\n<p>[\/vc_column_text][vc_empty_space][vc_btn title=&#8221;<strong>SOL\u00b7LICITA INFORMACI\u00d3<\/strong>&#8221; style=&#8221;custom&#8221; custom_background=&#8221;#481511&#8243; custom_text=&#8221;#ffffff&#8221; size=&#8221;lg&#8221; align=&#8221;center&#8221; link=&#8221;url:https%3A%2F%2Fhotelvillaretiro.com%2Fca%2Fcontacte%2F||&#8221; css=&#8221;.vc_custom_1643988464082{margin-bottom: 3% !important;}&#8221;][\/vc_column_inner][\/vc_row_inner][vc_row_inner][vc_column_inner width=&#8221;1\/2&#8243;][cl_heading title=&#8221;Espais&#8221; style=&#8221;single-line&#8221; text_align=&#8221;center&#8221; color=&#8221;#40120f&#8221;][vc_column_text css=&#8221;.vc_custom_1643988646771{margin-right: 5% !important;margin-bottom: 3% !important;}&#8221;]<\/p>\n<div class=\"wpb_text_column wpb_content_element \">\n<div class=\"wpb_wrapper\">\n<p style=\"text-align: center;\">Villa Retiro disposa de 4 espais \u00fanics per a reunions o esdeveniments privats dotats de llum natural, completament equipats i amb acc\u00e9s directe a una agradable zona enjardinada.<\/p>\n<p style=\"text-align: center;\"><strong>\u2713 Ficus (36\u00a0pax)<\/strong><br \/>\n<strong>\u2713 Llorer (48\u00a0pax)<\/strong><br \/>\n<strong>\u2713 Bamb\u00fa (180\u00a0pax)<\/strong><br \/>\n<strong>\u2713 Secuoya (500\u00a0pax)<\/strong><\/p>\n<\/div>\n<\/div>\n<div class=\"vc_empty_space\" style=\"text-align: center;\"><\/div>\n<p>[\/vc_column_text][vc_btn title=&#8221;<strong>SOL\u00b7LICITA INFORMACI\u00d3<\/strong>&#8221; style=&#8221;custom&#8221; custom_background=&#8221;#481511&#8243; custom_text=&#8221;#ffffff&#8221; size=&#8221;lg&#8221; align=&#8221;center&#8221; link=&#8221;url:https%3A%2F%2Fhotelvillaretiro.com%2Fca%2Fcontacte%2F||&#8221; css=&#8221;.vc_custom_1643988464082{margin-bottom: 3% !important;}&#8221;][\/vc_column_inner][vc_column_inner width=&#8221;1\/2&#8243; css=&#8221;.vc_custom_1643987776241{background-image: url(https:\/\/hotelvillaretiro.com\/wp-content\/uploads\/2022\/02\/Comunio\u0301-Arnau-Marcel-Sofia-i-Martina-299-1.jpg?id=38045) !important;background-position: center !important;background-repeat: no-repeat !important;background-size: cover !important;}&#8221;][vc_empty_space height=&#8221;550&#8243;][\/vc_column_inner][\/vc_row_inner][vc_row_inner][vc_column_inner width=&#8221;1\/2&#8243; css=&#8221;.vc_custom_1643987985354{background-image: url(https:\/\/hotelvillaretiro.com\/wp-content\/uploads\/2022\/02\/Postcomunio\u0301-Arnau-9-2.jpg?id=38077) !important;background-position: center !important;background-repeat: no-repeat !important;background-size: cover !important;}&#8221;][vc_empty_space height=&#8221;570px&#8221;][\/vc_column_inner][vc_column_inner width=&#8221;1\/2&#8243; css=&#8221;.vc_custom_1643905355383{margin-left: 5% !important;}&#8221;][vc_empty_space][cl_heading title=&#8221;Activitats&#8221; style=&#8221;single-line&#8221; text_align=&#8221;center&#8221; color=&#8221;#40120f&#8221;][vc_column_text]<\/p>\n<p style=\"text-align: center;\"><span style=\"color: #333333;\">\u2713 Castells inflables.<br \/>\n\u2713 Concurs de masterchef.<br \/>\n\u2713 Servei de cangur.<\/span><\/p>\n<p>[\/vc_column_text][vc_empty_space][vc_btn title=&#8221;<strong>SOL\u00b7LICITA INFORMACI\u00d3<\/strong>&#8221; style=&#8221;custom&#8221; custom_background=&#8221;#481511&#8243; custom_text=&#8221;#ffffff&#8221; size=&#8221;lg&#8221; align=&#8221;center&#8221; link=&#8221;url:https%3A%2F%2Fhotelvillaretiro.com%2Fca%2Fcontacte%2F||&#8221; css=&#8221;.vc_custom_1643988464082{margin-bottom: 3% !important;}&#8221;][\/vc_column_inner][\/vc_row_inner][\/vc_column][\/vc_row][vc_row css=&#8221;.vc_custom_1643907101544{margin-top: 3% !important;margin-bottom: 3% !important;}&#8221;][vc_column][cl_heading title=&#8221;Nuestros men\u00fas&#8221; style=&#8221;single-line&#8221; text_align=&#8221;center&#8221;][vc_column_text]<\/p>\n<p style=\"text-align: center;\">Hotel Villa Retiro ofereix 3 men\u00fas per a adults aptes per a tots els p\u00fablics,<br \/>\namb uns aperitius diferents i un men\u00fa diferenciat en funci\u00f3 de l&#8217;edat i pressupost.<br \/>\n<strong>Sois menys persones en la comuni\u00f3? Demana el Men\u00fa del Restaurant.<\/strong><\/p>\n<p>[\/vc_column_text][vc_btn title=&#8221;<strong>SOL\u00b7LICITA INFORMACI\u00d3<\/strong>&#8221; style=&#8221;custom&#8221; custom_background=&#8221;#481511&#8243; custom_text=&#8221;#ffffff&#8221; size=&#8221;lg&#8221; align=&#8221;center&#8221; link=&#8221;url:https%3A%2F%2Fhotelvillaretiro.com%2Fca%2Fcontacte%2F||&#8221; css=&#8221;.vc_custom_1643988464082{margin-bottom: 3% !important;}&#8221;][\/vc_column][\/vc_row][vc_row full_width=&#8221;stretch_row&#8221; gap=&#8221;15&#8243; full_height=&#8221;yes&#8221; equal_height=&#8221;yes&#8221;][vc_column width=&#8221;1\/3&#8243;][vc_row_inner css=&#8221;.vc_custom_1621593350081{border-top-width: 1px !important;border-right-width: 1px !important;border-bottom-width: 1px !important;border-left-width: 1px !important;padding-top: 20px !important;padding-right: 20px !important;padding-bottom: 20px !important;padding-left: 20px !important;background-color: #ffffff !important;border-left-color: #481511 !important;border-left-style: solid !important;border-right-color: #481511 !important;border-right-style: solid !important;border-top-color: #481511 !important;border-top-style: solid !important;border-bottom-color: #481511 !important;border-bottom-style: solid !important;}&#8221;][vc_column_inner css=&#8221;.vc_custom_1539187157973{margin-top: 1px !important;margin-right: 1px !important;margin-bottom: 1px !important;margin-left: 1px !important;background-color: #ffffff !important;border-radius: 1px !important;}&#8221;][vc_raw_html]JTNDaW1nJTIwc3JjJTNEJTIyaHR0cCUzQSUyRiUyRmhvdGVsdmlsbGFyZXRpcm8uY29tJTJGd3AtY29udGVudCUyRnVwbG9hZHMlMkYyMDE4JTJGMTAlMkZob3RlbC12aWxsYS1yZXRpcm8tY29tdW5pb25lcy1tZW51LXRpZXJyYS5zdmclMjIlMjBhbHQlM0QlMjJNZW4lQzMlQkElMjBUaWVycmElMjIlMjBhbGlnbiUzRCUyMm1pZGRsZSUyMiUzRQ==[\/vc_raw_html][vc_custom_heading text=&#8221;Men\u00fa Tierra &#8221; font_container=&#8221;tag:h4|font_size:26|text_align:center&#8221; use_theme_fonts=&#8221;yes&#8221;][vc_column_text]<\/p>\n<p style=\"text-align: center; font-size: 17px;\"><span style=\"color: #481511;\">\u2713 <\/span>17 Aperitivos diferentes al exterior con barra de refrescos, cervesa, vermut, vino blanco, negro y cava.<\/p>\n<p style=\"text-align: center; font-size: 17px;\"><span style=\"color: #481511;\">\u2713 <\/span>T\u00e1rtar de at\u00fan con emulsi\u00f3n de caviar, mayonesa de wasabi y helado de manzana y wasabi.<\/p>\n<p style=\"text-align: center; font-size: 17px;\"><span style=\"color: #481511;\">\u2713 <\/span>Terrina de micuit de foie con c\u00edtricos y pan de frutos secos.<\/p>\n<p style=\"text-align: center; font-size: 17px;\"><span style=\"color: #481511;\">\u2713 <\/span>Rape a la marinera con crema de guisantes, patata confitada y almejas.<\/p>\n<p style=\"text-align: center; font-size: 17px;\"><span style=\"color: #481511;\">\u2713 <\/span>Solomillo de ternera con texturas de zanahoria y crujiente de Flor de Lotto.<\/p>\n<p style=\"text-align: center; font-size: 17px;\"><span style=\"color: #481511;\">\u2713 <\/span>Crema de vainilla con diferentes tipos de fruta, helado de coco y espuma de yogurt.<\/p>\n<p style=\"text-align: center; font-size: 17px;\"><span style=\"color: #481511;\">\u2713 <\/span>Pastel de Celebraci\u00f3n.<\/p>\n<p style=\"text-align: center; font-size: 17px;\"><span style=\"color: #481511;\">\u2713 <\/span>Mini Dulces (Petit Fours).<\/p>\n<p style=\"text-align: center; font-size: 17px;\"><span style=\"color: #481511;\">\u2713 <\/span>Bodega: vino blanco, tinto y cava.<\/p>\n<p style=\"text-align: center; font-size: 17px;\"><em>(m\u00edn. 20 personas)<\/em><\/p>\n<p>[\/vc_column_text][\/vc_column_inner][\/vc_row_inner][vc_row_inner css=&#8221;.vc_custom_1643903160902{padding-bottom: 3% !important;background-color: #481511 !important;}&#8221;][vc_column_inner][vc_column_text css=&#8221;.vc_custom_1643988741504{margin-top: 3% !important;margin-bottom: 3% !important;padding-top: 3% !important;padding-right: 3% !important;padding-bottom: 3% !important;padding-left: 3% !important;}&#8221;]<\/p>\n<p style=\"text-align: center;\"><span style=\"color: #ffffff;\"><strong>Sois menys persones en la comuni\u00f3?<br \/>\nDemana el Men\u00fa del Restaurant.<\/strong><\/span><\/p>\n<p>[\/vc_column_text][vc_btn title=&#8221;<strong>RESTAURANT<\/strong>&#8221; style=&#8221;custom&#8221; custom_background=&#8221;#ffffff&#8221; custom_text=&#8221;#481511&#8243; align=&#8221;center&#8221; link=&#8221;url:https%3A%2F%2Fhotelvillaretiro.com%2Fca%2Frestaurant%2F||&#8221;][\/vc_column_inner][\/vc_row_inner][\/vc_column][vc_column width=&#8221;1\/3&#8243;][vc_row_inner css=&#8221;.vc_custom_1621593355809{border-top-width: 1px !important;border-right-width: 1px !important;border-bottom-width: 1px !important;border-left-width: 1px !important;padding-top: 20px !important;padding-right: 20px !important;padding-bottom: 20px !important;padding-left: 20px !important;border-left-color: #481511 !important;border-left-style: solid !important;border-right-color: #481511 !important;border-right-style: solid !important;border-top-color: #481511 !important;border-top-style: solid !important;border-bottom-color: #481511 !important;border-bottom-style: solid !important;}&#8221;][vc_column_inner][vc_raw_html]JTNDaW1nJTIwc3JjJTNEJTIyaHR0cCUzQSUyRiUyRmhvdGVsdmlsbGFyZXRpcm8uY29tJTJGd3AtY29udGVudCUyRnVwbG9hZHMlMkYyMDE4JTJGMTAlMkZob3RlbC12aWxsYS1yZXRpcm8tY29tdW5pb25lcy1tZW51LWFndWEuc3ZnJTIyJTIwYWx0JTNEJTIyTWVuJUMzJUJBJTIwQWd1YSUyMiUyMGFsaWduJTNEJTIybWlkZGxlJTIyJTNF[\/vc_raw_html][vc_custom_heading text=&#8221;Men\u00fa Agua&#8221; font_container=&#8221;tag:h4|font_size:26|text_align:center&#8221; use_theme_fonts=&#8221;yes&#8221;][vc_column_text]<\/p>\n<p style=\"text-align: center; font-size: 17px;\"><span style=\"color: #481511;\">\u2713 <\/span>17 Aperitivos diferentes al exterior con barra de refrescos, cervesa, vermut, vino blanco, negro y cava.<\/p>\n<p style=\"text-align: center; font-size: 17px;\"><span style=\"color: #481511;\">\u2713 <\/span>Terrina de foie con c\u00edtricos con crujiente de pan.<\/p>\n<p style=\"text-align: center; font-size: 17px;\"><span style=\"color: #481511;\">\u2713 <\/span>Vieira con porrusalda, nape Daikon, packchoy y salsa de espinas.<\/p>\n<p style=\"text-align: center; font-size: 17px;\"><span style=\"color: #481511;\">\u2713 <\/span>Rabo de toro con diferentes texturas de calabaza y salsa de carne.<\/p>\n<p style=\"text-align: center; font-size: 17px;\"><span style=\"color: #481511;\">\u2713 <\/span>Fr\u00e9same, mousse de vainilla con gelatina de fresa, tofee, galeta crambel con sorbete de fresa y moscatel.<\/p>\n<p style=\"text-align: center; font-size: 17px;\"><span style=\"color: #481511;\">\u2713 <\/span>Pastel de Celebraci\u00f3n.<\/p>\n<p style=\"text-align: center; font-size: 17px;\"><span style=\"color: #481511;\">\u2713 <\/span>Mini Dulces<br \/>\n(Petit Fours).<\/p>\n<p style=\"text-align: center; font-size: 17px;\"><span style=\"color: #481511;\">\u2713 <\/span>Bodega: vino blanco, tinto y cava.<\/p>\n<p style=\"text-align: center; font-size: 17px;\"><em>(m\u00edn. 20 personas)<\/em><\/p>\n<p>[\/vc_column_text][\/vc_column_inner][\/vc_row_inner][vc_row_inner css=&#8221;.vc_custom_1643903160902{padding-bottom: 3% !important;background-color: #481511 !important;}&#8221;][vc_column_inner][vc_column_text css=&#8221;.vc_custom_1643988751258{margin-top: 3% !important;margin-bottom: 3% !important;padding-top: 3% !important;padding-right: 3% !important;padding-bottom: 3% !important;padding-left: 3% !important;}&#8221;]<\/p>\n<p style=\"text-align: center;\"><span style=\"color: #ffffff;\"><strong>Sois menys persones en la comuni\u00f3?<br \/>\nDemana el Men\u00fa del Restaurant.<\/strong><\/span><\/p>\n<p>[\/vc_column_text][vc_btn title=&#8221;<strong>RESTAURANT<\/strong>&#8221; style=&#8221;custom&#8221; custom_background=&#8221;#ffffff&#8221; custom_text=&#8221;#481511&#8243; align=&#8221;center&#8221; link=&#8221;url:https%3A%2F%2Fhotelvillaretiro.com%2Fca%2Frestaurant%2F||&#8221;][\/vc_column_inner][\/vc_row_inner][\/vc_column][vc_column width=&#8221;1\/3&#8243;][vc_row_inner css=&#8221;.vc_custom_1621593363008{border-top-width: 1px !important;border-right-width: 1px !important;border-bottom-width: 1px !important;border-left-width: 1px !important;padding-top: 20px !important;padding-right: 20px !important;padding-bottom: 20px !important;padding-left: 20px !important;border-left-color: #481511 !important;border-left-style: solid !important;border-right-color: #481511 !important;border-right-style: solid !important;border-top-color: #481511 !important;border-top-style: solid !important;border-bottom-color: #481511 !important;border-bottom-style: solid !important;}&#8221;][vc_column_inner][vc_raw_html]JTNDaW1nJTIwc3JjJTNEJTIyaHR0cCUzQSUyRiUyRmhvdGVsdmlsbGFyZXRpcm8uY29tJTJGd3AtY29udGVudCUyRnVwbG9hZHMlMkYyMDE4JTJGMTAlMkZob3RlbC12aWxsYS1yZXRpcm8uLWNvbXVuaW9uZXMtbWVudS1haXJlLnN2ZyUyMiUyMGFsdCUzRCUyMk1lbiVDMyVCQSUyMEFpcmUlMjIlMjBhbGlnbiUzRCUyMm1pZGRsZSUyMiUzRQ==[\/vc_raw_html][vc_custom_heading text=&#8221;Men\u00fa Aire&#8221; font_container=&#8221;tag:h4|font_size:26|text_align:center&#8221; use_theme_fonts=&#8221;yes&#8221;][vc_column_text]<\/p>\n<p style=\"text-align: center; font-size: 17px;\"><span style=\"color: #481511;\">\u2713 <\/span>17 Aperitivos diferentes al exterior con barra de refrescos, cervesa, vermut, vino blanco, negro y cava.<\/p>\n<p style=\"text-align: center; font-size: 17px;\"><span style=\"color: #481511;\">\u2713 <\/span>Gazpacho de cereza con langostinos de la R\u00e1pita.<\/p>\n<p style=\"text-align: center; font-size: 17px;\"><span style=\"color: #481511;\">\u2713 <\/span>Timbal de cordero con diferentes texturas de moniato y salsa de carne.<\/p>\n<p style=\"text-align: center; font-size: 17px;\"><span style=\"color: #481511;\">\u2713 <\/span>\u00c1cidos.<br \/>\nCilindro de maracuy\u00e1 con citronela y vainilla ba\u00f1ado con mango, helado de melocot\u00f3n y salsa de yogurt.<\/p>\n<p style=\"text-align: center; font-size: 17px;\"><span style=\"color: #481511;\">\u2713 <\/span>Pastel de Celebraci\u00f3n.<\/p>\n<p style=\"text-align: center; font-size: 17px;\"><span style=\"color: #481511;\">\u2713 <\/span>Mini Dulces<br \/>\n(Petit Fours).<\/p>\n<p style=\"text-align: center; font-size: 17px;\"><span style=\"color: #481511;\">\u2713 <\/span>Bodega:<br \/>\nvino blanco, tinto y cava.<\/p>\n<p style=\"text-align: center; font-size: 17px;\"><em>(m\u00edn. 20 personas)<\/em><\/p>\n<p>&nbsp;<\/p>\n<p>[\/vc_column_text][\/vc_column_inner][\/vc_row_inner][vc_row_inner css=&#8221;.vc_custom_1643903160902{padding-bottom: 3% !important;background-color: #481511 !important;}&#8221;][vc_column_inner][vc_column_text css=&#8221;.vc_custom_1643988762385{margin-top: 3% !important;margin-bottom: 3% !important;padding-top: 3% !important;padding-right: 3% !important;padding-bottom: 3% !important;padding-left: 3% !important;}&#8221;]<\/p>\n<p style=\"text-align: center;\"><span style=\"color: #ffffff;\"><strong>Sois menys persones en la comuni\u00f3?<br \/>\nDemana el Men\u00fa del Restaurant.<\/strong><\/span><\/p>\n<p>[\/vc_column_text][vc_btn title=&#8221;<strong>RESTAURANT<\/strong>&#8221; style=&#8221;custom&#8221; custom_background=&#8221;#ffffff&#8221; custom_text=&#8221;#481511&#8243; align=&#8221;center&#8221; link=&#8221;url:https%3A%2F%2Fhotelvillaretiro.com%2Fca%2Frestaurant%2F||&#8221;][\/vc_column_inner][\/vc_row_inner][\/vc_column][\/vc_row][vc_row css=&#8221;.vc_custom_1540197794837{margin-top: 35px !important;margin-bottom: 50px !important;}&#8221;][vc_column][vc_gallery type=&#8221;flexslider_slide&#8221; interval=&#8221;3&#8243; images=&#8221;38070,8850,38110,38082,8849,8848,8847,38066,38094,8846,38058,8845,8844,38090,8843,8842,8841,8840,38098,8825,8736,8735,8727,38102,8728,38054,8729,8731,8730,8732,38114,38086,38050&#8243; img_size=&#8221;full&#8221;][\/vc_column][\/vc_row]<\/p>\n","protected":false},"excerpt":{"rendered":"<p>[vc_row css=&#8221;.vc_custom_1643905621384{margin-bottom: 3% !important;padding-top: 5% !important;background-position: center !important;background-repeat: no-repeat !important;background-size: cover !important;}&#8221;][vc_column][vc_column_text] L&#8217;Hotel Villa Retiro 5\u2605, envoltat de naturalesa, amb un restaurant Estrella Michelin dirigit pel Xef Fran L\u00f3pez, \u00e9s el lloc ideal per a celebrar la teva comuni\u00f3 inoblidable. [\/vc_column_text][vc_btn title=&#8221;SOL\u00b7LICITA INFORMACI\u00d3&#8221; style=&#8221;custom&#8221; custom_background=&#8221;#481511&#8243; custom_text=&#8221;#ffffff&#8221; size=&#8221;lg&#8221; align=&#8221;center&#8221; link=&#8221;url:https%3A%2F%2Fhotelvillaretiro.com%2Fca%2Fcontacte%2F||&#8221; css=&#8221;.vc_custom_1643988464082{margin-bottom: 3% !important;}&#8221;][\/vc_column][\/vc_row][vc_row equal_height=&#8221;yes&#8221;][vc_column][vc_row_inner gap=&#8221;4&#8243;][vc_column_inner width=&#8221;1\/3&#8243; [&hellip;]<\/p>\n","protected":false},"author":1,"featured_media":0,"parent":4111,"menu_order":0,"comment_status":"closed","ping_status":"closed","template":"","meta":{"inline_featured_image":false,"footnotes":""},"class_list":["post-8824","page","type-page","status-publish","hentry"],"yoast_head":"<!-- This site is optimized with the Yoast SEO plugin v27.4 - https:\/\/yoast.com\/product\/yoast-seo-wordpress\/ -->\n<title>Comunions - Hotel Villa Retiro<\/title>\n<meta name=\"description\" content=\"L&#039;Hotel Villa Retiro \u00e9s el l&#039;indret ideal per a la celebracio de comunions a les Terres de l&#039;Ebre: espais \u00fanics per a esdeveniments familiars a Xerta.\" \/>\n<meta name=\"robots\" content=\"index, follow, max-snippet:-1, max-image-preview:large, max-video-preview:-1\" \/>\n<link rel=\"canonical\" href=\"https:\/\/hotelvillaretiro.com\/ca\/esdeveniments\/comunions\/\" \/>\n<meta property=\"og:locale\" content=\"ca_ES\" \/>\n<meta property=\"og:type\" content=\"article\" \/>\n<meta property=\"og:title\" content=\"Comunions - Hotel Villa Retiro\" \/>\n<meta property=\"og:description\" content=\"L&#039;Hotel Villa Retiro \u00e9s el l&#039;indret ideal per a la celebracio de comunions a les Terres de l&#039;Ebre: espais \u00fanics per a esdeveniments familiars a Xerta.\" \/>\n<meta property=\"og:url\" content=\"https:\/\/hotelvillaretiro.com\/ca\/esdeveniments\/comunions\/\" \/>\n<meta property=\"og:site_name\" content=\"Hotel Villa Retiro\" \/>\n<meta property=\"article:modified_time\" content=\"2022-02-04T15:33:45+00:00\" \/>\n<meta name=\"twitter:card\" content=\"summary_large_image\" \/>\n<meta name=\"twitter:label1\" content=\"Temps estimat de lectura\" \/>\n\t<meta name=\"twitter:data1\" content=\"5 minuts\" \/>\n<script type=\"application\/ld+json\" class=\"yoast-schema-graph\">{\"@context\":\"https:\\\/\\\/schema.org\",\"@graph\":[{\"@type\":\"WebPage\",\"@id\":\"https:\\\/\\\/hotelvillaretiro.com\\\/ca\\\/esdeveniments\\\/comunions\\\/\",\"url\":\"https:\\\/\\\/hotelvillaretiro.com\\\/ca\\\/esdeveniments\\\/comunions\\\/\",\"name\":\"Comunions - Hotel Villa Retiro\",\"isPartOf\":{\"@id\":\"https:\\\/\\\/hotelvillaretiro.com\\\/#website\"},\"datePublished\":\"2018-10-10T16:07:54+00:00\",\"dateModified\":\"2022-02-04T15:33:45+00:00\",\"description\":\"L'Hotel Villa Retiro \u00e9s el l'indret ideal per a la celebracio de comunions a les Terres de l'Ebre: espais \u00fanics per a esdeveniments familiars a Xerta.\",\"breadcrumb\":{\"@id\":\"https:\\\/\\\/hotelvillaretiro.com\\\/ca\\\/esdeveniments\\\/comunions\\\/#breadcrumb\"},\"inLanguage\":\"ca\",\"potentialAction\":[{\"@type\":\"ReadAction\",\"target\":[\"https:\\\/\\\/hotelvillaretiro.com\\\/ca\\\/esdeveniments\\\/comunions\\\/\"]}]},{\"@type\":\"BreadcrumbList\",\"@id\":\"https:\\\/\\\/hotelvillaretiro.com\\\/ca\\\/esdeveniments\\\/comunions\\\/#breadcrumb\",\"itemListElement\":[{\"@type\":\"ListItem\",\"position\":1,\"name\":\"Portada\",\"item\":\"https:\\\/\\\/hotelvillaretiro.com\\\/ca\\\/home-ca\\\/\"},{\"@type\":\"ListItem\",\"position\":2,\"name\":\"Esdeveniments\",\"item\":\"https:\\\/\\\/hotelvillaretiro.com\\\/ca\\\/esdeveniments\\\/\"},{\"@type\":\"ListItem\",\"position\":3,\"name\":\"Comunions\"}]},{\"@type\":\"WebSite\",\"@id\":\"https:\\\/\\\/hotelvillaretiro.com\\\/#website\",\"url\":\"https:\\\/\\\/hotelvillaretiro.com\\\/\",\"name\":\"Hotel Villa Retiro\",\"description\":\"Hotel de 5 estrellas en les Terres de l&#039;Ebre\",\"publisher\":{\"@id\":\"https:\\\/\\\/hotelvillaretiro.com\\\/#organization\"},\"potentialAction\":[{\"@type\":\"SearchAction\",\"target\":{\"@type\":\"EntryPoint\",\"urlTemplate\":\"https:\\\/\\\/hotelvillaretiro.com\\\/?s={search_term_string}\"},\"query-input\":{\"@type\":\"PropertyValueSpecification\",\"valueRequired\":true,\"valueName\":\"search_term_string\"}}],\"inLanguage\":\"ca\"},{\"@type\":\"Organization\",\"@id\":\"https:\\\/\\\/hotelvillaretiro.com\\\/#organization\",\"name\":\"Hotel Villa Retiro\",\"url\":\"https:\\\/\\\/hotelvillaretiro.com\\\/\",\"logo\":{\"@type\":\"ImageObject\",\"inLanguage\":\"ca\",\"@id\":\"https:\\\/\\\/hotelvillaretiro.com\\\/#\\\/schema\\\/logo\\\/image\\\/\",\"url\":\"https:\\\/\\\/hotelvillaretiro.com\\\/wp-content\\\/uploads\\\/2025\\\/02\\\/hotel-villa-retiro-logo.svg\",\"contentUrl\":\"https:\\\/\\\/hotelvillaretiro.com\\\/wp-content\\\/uploads\\\/2025\\\/02\\\/hotel-villa-retiro-logo.svg\",\"caption\":\"Hotel Villa Retiro\"},\"image\":{\"@id\":\"https:\\\/\\\/hotelvillaretiro.com\\\/#\\\/schema\\\/logo\\\/image\\\/\"}}]}<\/script>\n<!-- \/ Yoast SEO plugin. -->","yoast_head_json":{"title":"Comunions - Hotel Villa Retiro","description":"L'Hotel Villa Retiro \u00e9s el l'indret ideal per a la celebracio de comunions a les Terres de l'Ebre: espais \u00fanics per a esdeveniments familiars a Xerta.","robots":{"index":"index","follow":"follow","max-snippet":"max-snippet:-1","max-image-preview":"max-image-preview:large","max-video-preview":"max-video-preview:-1"},"canonical":"https:\/\/hotelvillaretiro.com\/ca\/esdeveniments\/comunions\/","og_locale":"ca_ES","og_type":"article","og_title":"Comunions - Hotel Villa Retiro","og_description":"L'Hotel Villa Retiro \u00e9s el l'indret ideal per a la celebracio de comunions a les Terres de l'Ebre: espais \u00fanics per a esdeveniments familiars a Xerta.","og_url":"https:\/\/hotelvillaretiro.com\/ca\/esdeveniments\/comunions\/","og_site_name":"Hotel Villa Retiro","article_modified_time":"2022-02-04T15:33:45+00:00","twitter_card":"summary_large_image","twitter_misc":{"Temps estimat de lectura":"5 minuts"},"schema":{"@context":"https:\/\/schema.org","@graph":[{"@type":"WebPage","@id":"https:\/\/hotelvillaretiro.com\/ca\/esdeveniments\/comunions\/","url":"https:\/\/hotelvillaretiro.com\/ca\/esdeveniments\/comunions\/","name":"Comunions - Hotel Villa Retiro","isPartOf":{"@id":"https:\/\/hotelvillaretiro.com\/#website"},"datePublished":"2018-10-10T16:07:54+00:00","dateModified":"2022-02-04T15:33:45+00:00","description":"L'Hotel Villa Retiro \u00e9s el l'indret ideal per a la celebracio de comunions a les Terres de l'Ebre: espais \u00fanics per a esdeveniments familiars a Xerta.","breadcrumb":{"@id":"https:\/\/hotelvillaretiro.com\/ca\/esdeveniments\/comunions\/#breadcrumb"},"inLanguage":"ca","potentialAction":[{"@type":"ReadAction","target":["https:\/\/hotelvillaretiro.com\/ca\/esdeveniments\/comunions\/"]}]},{"@type":"BreadcrumbList","@id":"https:\/\/hotelvillaretiro.com\/ca\/esdeveniments\/comunions\/#breadcrumb","itemListElement":[{"@type":"ListItem","position":1,"name":"Portada","item":"https:\/\/hotelvillaretiro.com\/ca\/home-ca\/"},{"@type":"ListItem","position":2,"name":"Esdeveniments","item":"https:\/\/hotelvillaretiro.com\/ca\/esdeveniments\/"},{"@type":"ListItem","position":3,"name":"Comunions"}]},{"@type":"WebSite","@id":"https:\/\/hotelvillaretiro.com\/#website","url":"https:\/\/hotelvillaretiro.com\/","name":"Hotel Villa Retiro","description":"Hotel de 5 estrellas en les Terres de l&#039;Ebre","publisher":{"@id":"https:\/\/hotelvillaretiro.com\/#organization"},"potentialAction":[{"@type":"SearchAction","target":{"@type":"EntryPoint","urlTemplate":"https:\/\/hotelvillaretiro.com\/?s={search_term_string}"},"query-input":{"@type":"PropertyValueSpecification","valueRequired":true,"valueName":"search_term_string"}}],"inLanguage":"ca"},{"@type":"Organization","@id":"https:\/\/hotelvillaretiro.com\/#organization","name":"Hotel Villa Retiro","url":"https:\/\/hotelvillaretiro.com\/","logo":{"@type":"ImageObject","inLanguage":"ca","@id":"https:\/\/hotelvillaretiro.com\/#\/schema\/logo\/image\/","url":"https:\/\/hotelvillaretiro.com\/wp-content\/uploads\/2025\/02\/hotel-villa-retiro-logo.svg","contentUrl":"https:\/\/hotelvillaretiro.com\/wp-content\/uploads\/2025\/02\/hotel-villa-retiro-logo.svg","caption":"Hotel Villa Retiro"},"image":{"@id":"https:\/\/hotelvillaretiro.com\/#\/schema\/logo\/image\/"}}]}},"_links":{"self":[{"href":"https:\/\/hotelvillaretiro.com\/ca\/wp-json\/wp\/v2\/pages\/8824","targetHints":{"allow":["GET"]}}],"collection":[{"href":"https:\/\/hotelvillaretiro.com\/ca\/wp-json\/wp\/v2\/pages"}],"about":[{"href":"https:\/\/hotelvillaretiro.com\/ca\/wp-json\/wp\/v2\/types\/page"}],"author":[{"embeddable":true,"href":"https:\/\/hotelvillaretiro.com\/ca\/wp-json\/wp\/v2\/users\/1"}],"replies":[{"embeddable":true,"href":"https:\/\/hotelvillaretiro.com\/ca\/wp-json\/wp\/v2\/comments?post=8824"}],"version-history":[{"count":0,"href":"https:\/\/hotelvillaretiro.com\/ca\/wp-json\/wp\/v2\/pages\/8824\/revisions"}],"up":[{"embeddable":true,"href":"https:\/\/hotelvillaretiro.com\/ca\/wp-json\/wp\/v2\/pages\/4111"}],"wp:attachment":[{"href":"https:\/\/hotelvillaretiro.com\/ca\/wp-json\/wp\/v2\/media?parent=8824"}],"curies":[{"name":"wp","href":"https:\/\/api.w.org\/{rel}","templated":true}]}}