{"id":9738,"date":"2019-04-10T09:03:49","date_gmt":"2019-04-10T08:03:49","guid":{"rendered":"http:\/\/hotelvillaretiro.com\/hotel-5-estrelles\/que-fer\/otras-visitas\/"},"modified":"2020-01-15T18:34:15","modified_gmt":"2020-01-15T17:34:15","slug":"altres-visites","status":"publish","type":"page","link":"https:\/\/hotelvillaretiro.com\/ca\/hotel-5-estrelles\/altres-visites\/","title":{"rendered":"Altres visites"},"content":{"rendered":"<p>[vc_row css=&#8221;.vc_custom_1554880623105{margin-bottom: 8% !important;}&#8221;][vc_column width=&#8221;1\/2&#8243; css=&#8221;.vc_custom_1453996723437{padding-top: 5% !important;padding-right: 4% !important;padding-bottom: 5% !important;}&#8221;][cl_heading title=&#8221;Centre Picasso&#8221; style=&#8221;single-line&#8221;][vc_column_text]El pintor Pablo Picasso va visitar en dues ocasions Horta de Sant Joan, el 1898 i el 1909. No van ser estades massa llargues per\u00f2 s\u00ed profitoses per a la creaci\u00f3 pict\u00f2rica. De fet, va ser en aquesta poblaci\u00f3 de la Terra Alta on Picasso va iniciar el corrent art\u00edstic del cubisme, inspirat per la forma quadriculada de les imponents Roques de Benet. Per preservar i promoure el llegat que el pintor malagueny va deixar en aquest municipi, el Centre Picasso exposa reproduccions facs\u00edmil de gaireb\u00e9 200 obres realitzades en les dues estades que l\u2019artista va fer a la vila i tamb\u00e9 d\u2019altres quadres pintats a Barcelona oa Par\u00eds, per\u00f2 inspirats en el paisatge d\u2019Horta de Sant Joan.[\/vc_column_text][vc_empty_space][cl_button url=&#8221;url:http%3A%2F%2Fwww.centrepicasso.cat||target:%20_blank&#8221; title=&#8221;Centre Picasso&#8221;][\/vc_column][vc_column width=&#8221;1\/2&#8243; css=&#8221;.vc_custom_1453997016886{padding-top: 5% !important;padding-bottom: 5% !important;padding-left: 2% !important;}&#8221;][cl_heading title=&#8221;Catedral de Tortosa&#8221; style=&#8221;single-line&#8221;][vc_column_text]La Catedral de Tortosa \u00e9s una de les mostres notables del g\u00f2tic catal\u00e0. En aquest lloc, segons alguns historiadors, hi havia hagut un temple rom\u00e0, m\u00e9s tard una bas\u00edlica visig\u00f2tica i, durant l\u2019expansi\u00f3 sarra\u00efna, una mesquita. Despr\u00e9s de la conquesta cristiana, es va construir una catedral rom\u00e0nica, que seria el precedent m\u00e9s immediat de l\u2019actual catedral g\u00f2tica. aquesta va ser iniciada per l\u2019absis, el segle XIV, i finalitzada per la fa\u00e7ana barroca del s. XVIII.<\/p>\n<p>L\u2019Esgl\u00e9sia Catedral ostenta el t\u00edtol de Bas\u00edlica. L\u2019absis exterior, la girola amb el doble deambulatori, el presbiteri i les tres naus destaquen clarament pel seu estil g\u00f2tic elegant, refinat i, fins i tot, t\u00e8cnicament atrevit.[\/vc_column_text][vc_empty_space][cl_button url=&#8221;url:http%3A%2F%2Fwww.tortosaturisme.cat||target:%20_blank&#8221; title=&#8221;Visita Tortosa&#8221;][\/vc_column][\/vc_row][vc_row full_width=&#8221;stretch_row_content_no_spaces&#8221; el_class=&#8221;row-eq-height&#8221;][vc_column width=&#8221;1\/2&#8243; css=&#8221;.vc_custom_1554880487412{background-image: url(http:\/\/hotelvillaretiro.com\/wp-content\/uploads\/2016\/01\/mueso-picasso-horta-de-sant-joan.jpg?id=2864) !important;background-position: center !important;background-repeat: no-repeat !important;background-size: cover !important;}&#8221;][vc_empty_space height=&#8221;600px&#8221;][\/vc_column][vc_column width=&#8221;1\/2&#8243; css=&#8221;.vc_custom_1554880513311{background-image: url(http:\/\/hotelvillaretiro.com\/wp-content\/uploads\/2016\/01\/catedral-de-tortosa.jpg?id=2863) !important;background-position: center !important;background-repeat: no-repeat !important;background-size: cover !important;}&#8221;][vc_empty_space height=&#8221;600px&#8221;][\/vc_column][\/vc_row][vc_row][vc_column css=&#8221;.vc_custom_1453996723437{padding-top: 5% !important;padding-right: 4% !important;padding-bottom: 5% !important;}&#8221;][cl_heading title=&#8221;Nedar entre Tonyines Vermells&#8221; style=&#8221;single-line&#8221; text_align=&#8221;center&#8221;][vc_empty_space height=&#8221;20px&#8221;][vc_row_inner][vc_column_inner width=&#8221;1\/3&#8243;][vc_column_text]Podries submergir-te amb les tonyines m\u00e9s grans del m\u00f3n i gaudir de moments apassionants amb els cinc sentits. L\u2019experi\u00e8ncia part del port de l\u2019Ametlla de Mar (Tarragona) a bord d\u2019un modern i innovador catamar\u00e0 dissenyat exclusivament per satisfer les m\u00e0ximes exig\u00e8ncies en comoditat i seguretat.[\/vc_column_text][cl_button url=&#8221;url:http%3A%2F%2Fwww.tuna-tour.com||target:%20_blank&#8221; title=&#8221;Tuna Tour&#8221;][\/vc_column_inner][vc_column_inner width=&#8221;1\/3&#8243;][vc_column_text]El paisatge litoral de la Costa Daurada i el Delta de l\u2019Ebre, d\u2019una bellesa \u00fanica, ens acompanya durant tot el viatge fins a les piscines de tonyina vermella Balfeg\u00f3, situades a 2,5 milles n\u00e0utiques (gaireb\u00e9 5 quil\u00f2metres) de la costa. Un cop amarrats a les piscines un professional de l\u2019equip explicar\u00e0 el proc\u00e9s de la qual ser\u00e0 possiblement una de les millors aventures de la teva vida: nedar entre centenars de tonyines vermelles de la Mediterr\u00e0nia.[\/vc_column_text][\/vc_column_inner][vc_column_inner width=&#8221;1\/3&#8243;][vc_column_text]Durant el trajecte descobrir\u00e0s la hist\u00f2ria i la pesca del gegant vermell a trav\u00e9s d\u2019un audiovisual especialment creat per a aix\u00f2 i ja de tornada coneixer\u00e0s en un v\u00eddeo el proc\u00e9s de comercialitzaci\u00f3 de la tonyina vermella en Balfeg\u00f3 a trav\u00e9s de la tra\u00e7abilitat. Finalment i arribant a port, podr\u00e0s delectar assaborint un dels plaers gastron\u00f2mics m\u00e9s apreciats del m\u00f3n. Per m\u00e9s info clica sobre la foto.[\/vc_column_text][\/vc_column_inner][\/vc_row_inner][\/vc_column][\/vc_row][vc_row full_width=&#8221;stretch_row_content_no_spaces&#8221; el_class=&#8221;row-eq-height&#8221;][vc_column width=&#8221;1\/2&#8243; css=&#8221;.vc_custom_1554882717383{background-image: url(http:\/\/hotelvillaretiro.com\/wp-content\/uploads\/2016\/01\/tuna-tour-balfego-nadar-entre-atunes.jpg?id=2862) !important;background-position: center !important;background-repeat: no-repeat !important;background-size: cover !important;}&#8221;][vc_empty_space height=&#8221;600px&#8221;][\/vc_column][vc_column width=&#8221;1\/2&#8243; css=&#8221;.vc_custom_1554882743638{background-image: url(http:\/\/hotelvillaretiro.com\/wp-content\/uploads\/2019\/04\/ametlla-del-mar.jpg?id=9695) !important;background-position: center !important;background-repeat: no-repeat !important;background-size: cover !important;}&#8221;][vc_empty_space height=&#8221;600px&#8221;][\/vc_column][\/vc_row][vc_row][vc_column width=&#8221;1\/2&#8243; css=&#8221;.vc_custom_1453996723437{padding-top: 5% !important;padding-right: 4% !important;padding-bottom: 5% !important;}&#8221;][cl_heading title=&#8221;Nota aclaridora&#8221; type=&#8221;h3&#8243;][vc_separator color=&#8221;custom&#8221; align=&#8221;align_left&#8221; border_width=&#8221;2&#8243; el_width=&#8221;20&#8243; accent_color=&#8221;#275277&#8243; css=&#8221;.vc_custom_1454013379067{padding-bottom: 5% !important;}&#8221;][vc_column_text]Hotel Villa Retiro no t\u00e9 cap vincle amb les entitats anunciades, b\u00e9 siguin empreses privades, p\u00fabliques o de qualsevol Administraci\u00f3. Hotel Villa Retiro, per aix\u00f2, declina qualsevol tipus de responsabilitat en el servei contractat amb tercers. Hotel Villa Retiro ofereix als seus clients totes aquestes ofertes nom\u00e9s amb car\u00e0cter informatiu i no vinculant a cap altra oferta, si no est\u00e0 impl\u00edcita en la mateixa.[\/vc_column_text][\/vc_column][vc_column width=&#8221;1\/2&#8243; css=&#8221;.vc_custom_1453997016886{padding-top: 5% !important;padding-bottom: 5% !important;padding-left: 2% !important;}&#8221;][cl_heading title=&#8221;Altres activitats d&#8217;inter\u00e8s&#8221; type=&#8221;h3&#8243;][vc_separator color=&#8221;custom&#8221; align=&#8221;align_left&#8221; border_width=&#8221;2&#8243; el_width=&#8221;20&#8243; accent_color=&#8221;#275277&#8243; css=&#8221;.vc_custom_1454013379067{padding-bottom: 5% !important;}&#8221;][vc_row_inner][vc_column_inner width=&#8221;1\/2&#8243;][vc_column_text]<a href=\"http:\/\/www.catedraldelvi.com\/\" target=\"_blank\" rel=\"noopener noreferrer\">www.catedraldelvi.com<\/a><\/p>\n<p><a href=\"http:\/\/www.parcdeltaventur.com\/\" target=\"_blank\" rel=\"noopener noreferrer\">www.parcdeltaventur.com<\/a><\/p>\n<p><a href=\"http:\/\/www.ebreoci.com\/46A1E\" target=\"_blank\" rel=\"noopener noreferrer\">www.deltaturistic.com<\/a><\/p>\n<p><a href=\"http:\/\/www.beniemocions.cat\/\" target=\"_blank\" rel=\"noopener noreferrer\">www.beniemocions.cat<\/a><\/p>\n<p><a href=\"http:\/\/www.frisonesdelacruz.com\/\" target=\"_blank\" rel=\"noopener noreferrer\">www.frisonesdelacruz.com<\/a><\/p>\n<p>[\/vc_column_text][\/vc_column_inner][vc_column_inner width=&#8221;1\/2&#8243;][vc_column_text]<a href=\"http:\/\/www.melmuria.com\/\" target=\"_blank\" rel=\"noopener noreferrer\">www.melmuria.com<\/a><\/p>\n<p><a href=\"http:\/\/www.gencat.cat\/parcs\" target=\"_blank\" rel=\"noopener noreferrer\">www.gencat.cat\/parcs<\/a><\/p>\n<p><a href=\"http:\/\/patrimoni.gencat.cat\/es\/coleccion\/castillo-de-miravet\" target=\"_blank\" rel=\"noopener noreferrer\">www,patrimoni.gencat.cat<\/a><\/p>\n<p><a href=\"http:\/\/www.doterraalta.com\/\" target=\"_blank\" rel=\"noopener noreferrer\">www.doterraalta.com<\/a><\/p>\n<p><a href=\"http:\/\/www.viesaltes.com\" target=\"_blank\" rel=\"noopener noreferrer\">www.viesaltes.com<\/a>[\/vc_column_text][\/vc_column_inner][\/vc_row_inner][\/vc_column][\/vc_row]<\/p>\n","protected":false},"excerpt":{"rendered":"<p>[vc_row css=&#8221;.vc_custom_1554880623105{margin-bottom: 8% !important;}&#8221;][vc_column width=&#8221;1\/2&#8243; css=&#8221;.vc_custom_1453996723437{padding-top: 5% !important;padding-right: 4% !important;padding-bottom: 5% !important;}&#8221;][cl_heading title=&#8221;Centre Picasso&#8221; style=&#8221;single-line&#8221;][vc_column_text]El pintor Pablo Picasso va visitar en dues ocasions Horta de Sant Joan, el 1898 i el 1909. No van ser estades massa llargues per\u00f2 s\u00ed profitoses per a la creaci\u00f3 pict\u00f2rica. De fet, va ser en aquesta poblaci\u00f3 de la [&hellip;]<\/p>\n","protected":false},"author":1,"featured_media":0,"parent":4116,"menu_order":0,"comment_status":"closed","ping_status":"closed","template":"","meta":{"inline_featured_image":false,"footnotes":""},"class_list":["post-9738","page","type-page","status-publish","hentry"],"yoast_head":"<!-- This site is optimized with the Yoast SEO plugin v27.4 - https:\/\/yoast.com\/product\/yoast-seo-wordpress\/ -->\n<title>Altres visites - Hotel Villa Retiro<\/title>\n<meta name=\"description\" content=\"Gaudeix de l&#039;activitats i visites que les Terres de l\u2019Ebre ofereix i allotja&#039;t i gaudeix del menjar t\u00edpic de la zona a l&#039;Hotel Vila Retir.\" \/>\n<meta name=\"robots\" content=\"index, follow, max-snippet:-1, max-image-preview:large, max-video-preview:-1\" \/>\n<link rel=\"canonical\" href=\"https:\/\/hotelvillaretiro.com\/ca\/hotel-5-estrelles\/altres-visites\/\" \/>\n<meta property=\"og:locale\" content=\"ca_ES\" \/>\n<meta property=\"og:type\" content=\"article\" \/>\n<meta property=\"og:title\" content=\"Altres visites - Hotel Villa Retiro\" \/>\n<meta property=\"og:description\" content=\"Gaudeix de l&#039;activitats i visites que les Terres de l\u2019Ebre ofereix i allotja&#039;t i gaudeix del menjar t\u00edpic de la zona a l&#039;Hotel Vila Retir.\" \/>\n<meta property=\"og:url\" content=\"https:\/\/hotelvillaretiro.com\/ca\/hotel-5-estrelles\/altres-visites\/\" \/>\n<meta property=\"og:site_name\" content=\"Hotel Villa Retiro\" \/>\n<meta property=\"article:modified_time\" content=\"2020-01-15T17:34:15+00:00\" \/>\n<meta name=\"twitter:card\" content=\"summary_large_image\" \/>\n<meta name=\"twitter:label1\" content=\"Temps estimat de lectura\" \/>\n\t<meta name=\"twitter:data1\" content=\"5 minuts\" \/>\n<script type=\"application\/ld+json\" class=\"yoast-schema-graph\">{\"@context\":\"https:\\\/\\\/schema.org\",\"@graph\":[{\"@type\":\"WebPage\",\"@id\":\"https:\\\/\\\/hotelvillaretiro.com\\\/ca\\\/hotel-5-estrelles\\\/altres-visites\\\/\",\"url\":\"https:\\\/\\\/hotelvillaretiro.com\\\/ca\\\/hotel-5-estrelles\\\/altres-visites\\\/\",\"name\":\"Altres visites - Hotel Villa Retiro\",\"isPartOf\":{\"@id\":\"https:\\\/\\\/hotelvillaretiro.com\\\/#website\"},\"datePublished\":\"2019-04-10T08:03:49+00:00\",\"dateModified\":\"2020-01-15T17:34:15+00:00\",\"description\":\"Gaudeix de l'activitats i visites que les Terres de l\u2019Ebre ofereix i allotja't i gaudeix del menjar t\u00edpic de la zona a l'Hotel Vila Retir.\",\"breadcrumb\":{\"@id\":\"https:\\\/\\\/hotelvillaretiro.com\\\/ca\\\/hotel-5-estrelles\\\/altres-visites\\\/#breadcrumb\"},\"inLanguage\":\"ca\",\"potentialAction\":[{\"@type\":\"ReadAction\",\"target\":[\"https:\\\/\\\/hotelvillaretiro.com\\\/ca\\\/hotel-5-estrelles\\\/altres-visites\\\/\"]}]},{\"@type\":\"BreadcrumbList\",\"@id\":\"https:\\\/\\\/hotelvillaretiro.com\\\/ca\\\/hotel-5-estrelles\\\/altres-visites\\\/#breadcrumb\",\"itemListElement\":[{\"@type\":\"ListItem\",\"position\":1,\"name\":\"Portada\",\"item\":\"https:\\\/\\\/hotelvillaretiro.com\\\/ca\\\/home-ca\\\/\"},{\"@type\":\"ListItem\",\"position\":2,\"name\":\"Hotel 5 estrelles\",\"item\":\"https:\\\/\\\/hotelvillaretiro.com\\\/ca\\\/hotel-5-estrelles\\\/\"},{\"@type\":\"ListItem\",\"position\":3,\"name\":\"Altres visites\"}]},{\"@type\":\"WebSite\",\"@id\":\"https:\\\/\\\/hotelvillaretiro.com\\\/#website\",\"url\":\"https:\\\/\\\/hotelvillaretiro.com\\\/\",\"name\":\"Hotel Villa Retiro\",\"description\":\"Hotel de 5 estrellas en les Terres de l&#039;Ebre\",\"publisher\":{\"@id\":\"https:\\\/\\\/hotelvillaretiro.com\\\/#organization\"},\"potentialAction\":[{\"@type\":\"SearchAction\",\"target\":{\"@type\":\"EntryPoint\",\"urlTemplate\":\"https:\\\/\\\/hotelvillaretiro.com\\\/?s={search_term_string}\"},\"query-input\":{\"@type\":\"PropertyValueSpecification\",\"valueRequired\":true,\"valueName\":\"search_term_string\"}}],\"inLanguage\":\"ca\"},{\"@type\":\"Organization\",\"@id\":\"https:\\\/\\\/hotelvillaretiro.com\\\/#organization\",\"name\":\"Hotel Villa Retiro\",\"url\":\"https:\\\/\\\/hotelvillaretiro.com\\\/\",\"logo\":{\"@type\":\"ImageObject\",\"inLanguage\":\"ca\",\"@id\":\"https:\\\/\\\/hotelvillaretiro.com\\\/#\\\/schema\\\/logo\\\/image\\\/\",\"url\":\"https:\\\/\\\/hotelvillaretiro.com\\\/wp-content\\\/uploads\\\/2025\\\/02\\\/hotel-villa-retiro-logo.svg\",\"contentUrl\":\"https:\\\/\\\/hotelvillaretiro.com\\\/wp-content\\\/uploads\\\/2025\\\/02\\\/hotel-villa-retiro-logo.svg\",\"caption\":\"Hotel Villa Retiro\"},\"image\":{\"@id\":\"https:\\\/\\\/hotelvillaretiro.com\\\/#\\\/schema\\\/logo\\\/image\\\/\"}}]}<\/script>\n<!-- \/ Yoast SEO plugin. -->","yoast_head_json":{"title":"Altres visites - Hotel Villa Retiro","description":"Gaudeix de l'activitats i visites que les Terres de l\u2019Ebre ofereix i allotja't i gaudeix del menjar t\u00edpic de la zona a l'Hotel Vila Retir.","robots":{"index":"index","follow":"follow","max-snippet":"max-snippet:-1","max-image-preview":"max-image-preview:large","max-video-preview":"max-video-preview:-1"},"canonical":"https:\/\/hotelvillaretiro.com\/ca\/hotel-5-estrelles\/altres-visites\/","og_locale":"ca_ES","og_type":"article","og_title":"Altres visites - Hotel Villa Retiro","og_description":"Gaudeix de l'activitats i visites que les Terres de l\u2019Ebre ofereix i allotja't i gaudeix del menjar t\u00edpic de la zona a l'Hotel Vila Retir.","og_url":"https:\/\/hotelvillaretiro.com\/ca\/hotel-5-estrelles\/altres-visites\/","og_site_name":"Hotel Villa Retiro","article_modified_time":"2020-01-15T17:34:15+00:00","twitter_card":"summary_large_image","twitter_misc":{"Temps estimat de lectura":"5 minuts"},"schema":{"@context":"https:\/\/schema.org","@graph":[{"@type":"WebPage","@id":"https:\/\/hotelvillaretiro.com\/ca\/hotel-5-estrelles\/altres-visites\/","url":"https:\/\/hotelvillaretiro.com\/ca\/hotel-5-estrelles\/altres-visites\/","name":"Altres visites - Hotel Villa Retiro","isPartOf":{"@id":"https:\/\/hotelvillaretiro.com\/#website"},"datePublished":"2019-04-10T08:03:49+00:00","dateModified":"2020-01-15T17:34:15+00:00","description":"Gaudeix de l'activitats i visites que les Terres de l\u2019Ebre ofereix i allotja't i gaudeix del menjar t\u00edpic de la zona a l'Hotel Vila Retir.","breadcrumb":{"@id":"https:\/\/hotelvillaretiro.com\/ca\/hotel-5-estrelles\/altres-visites\/#breadcrumb"},"inLanguage":"ca","potentialAction":[{"@type":"ReadAction","target":["https:\/\/hotelvillaretiro.com\/ca\/hotel-5-estrelles\/altres-visites\/"]}]},{"@type":"BreadcrumbList","@id":"https:\/\/hotelvillaretiro.com\/ca\/hotel-5-estrelles\/altres-visites\/#breadcrumb","itemListElement":[{"@type":"ListItem","position":1,"name":"Portada","item":"https:\/\/hotelvillaretiro.com\/ca\/home-ca\/"},{"@type":"ListItem","position":2,"name":"Hotel 5 estrelles","item":"https:\/\/hotelvillaretiro.com\/ca\/hotel-5-estrelles\/"},{"@type":"ListItem","position":3,"name":"Altres visites"}]},{"@type":"WebSite","@id":"https:\/\/hotelvillaretiro.com\/#website","url":"https:\/\/hotelvillaretiro.com\/","name":"Hotel Villa Retiro","description":"Hotel de 5 estrellas en les Terres de l&#039;Ebre","publisher":{"@id":"https:\/\/hotelvillaretiro.com\/#organization"},"potentialAction":[{"@type":"SearchAction","target":{"@type":"EntryPoint","urlTemplate":"https:\/\/hotelvillaretiro.com\/?s={search_term_string}"},"query-input":{"@type":"PropertyValueSpecification","valueRequired":true,"valueName":"search_term_string"}}],"inLanguage":"ca"},{"@type":"Organization","@id":"https:\/\/hotelvillaretiro.com\/#organization","name":"Hotel Villa Retiro","url":"https:\/\/hotelvillaretiro.com\/","logo":{"@type":"ImageObject","inLanguage":"ca","@id":"https:\/\/hotelvillaretiro.com\/#\/schema\/logo\/image\/","url":"https:\/\/hotelvillaretiro.com\/wp-content\/uploads\/2025\/02\/hotel-villa-retiro-logo.svg","contentUrl":"https:\/\/hotelvillaretiro.com\/wp-content\/uploads\/2025\/02\/hotel-villa-retiro-logo.svg","caption":"Hotel Villa Retiro"},"image":{"@id":"https:\/\/hotelvillaretiro.com\/#\/schema\/logo\/image\/"}}]}},"_links":{"self":[{"href":"https:\/\/hotelvillaretiro.com\/ca\/wp-json\/wp\/v2\/pages\/9738","targetHints":{"allow":["GET"]}}],"collection":[{"href":"https:\/\/hotelvillaretiro.com\/ca\/wp-json\/wp\/v2\/pages"}],"about":[{"href":"https:\/\/hotelvillaretiro.com\/ca\/wp-json\/wp\/v2\/types\/page"}],"author":[{"embeddable":true,"href":"https:\/\/hotelvillaretiro.com\/ca\/wp-json\/wp\/v2\/users\/1"}],"replies":[{"embeddable":true,"href":"https:\/\/hotelvillaretiro.com\/ca\/wp-json\/wp\/v2\/comments?post=9738"}],"version-history":[{"count":0,"href":"https:\/\/hotelvillaretiro.com\/ca\/wp-json\/wp\/v2\/pages\/9738\/revisions"}],"up":[{"embeddable":true,"href":"https:\/\/hotelvillaretiro.com\/ca\/wp-json\/wp\/v2\/pages\/4116"}],"wp:attachment":[{"href":"https:\/\/hotelvillaretiro.com\/ca\/wp-json\/wp\/v2\/media?parent=9738"}],"curies":[{"name":"wp","href":"https:\/\/api.w.org\/{rel}","templated":true}]}}