{"id":41804,"date":"2023-02-02T06:41:26","date_gmt":"2023-02-02T05:41:26","guid":{"rendered":"https:\/\/hotelvillaretiro.com\/histoire\/"},"modified":"2023-04-04T15:23:00","modified_gmt":"2023-04-04T14:23:00","slug":"histoire","status":"publish","type":"page","link":"https:\/\/hotelvillaretiro.com\/fr\/histoire\/","title":{"rendered":"Histoire"},"content":{"rendered":"\t\t<div data-elementor-type=\"wp-page\" data-elementor-id=\"41804\" class=\"elementor elementor-41804 elementor-39759\" data-elementor-post-type=\"page\">\n\t\t\t\t\t\t<section class=\"elementor-section elementor-top-section elementor-element elementor-element-74fe1faf elementor-section-full_width elementor-section-height-default elementor-section-height-default\" data-id=\"74fe1faf\" data-element_type=\"section\" data-e-type=\"section\" data-settings=\"{&quot;background_background&quot;:&quot;classic&quot;}\">\n\t\t\t\t\t\t\t<div class=\"elementor-background-overlay\"><\/div>\n\t\t\t\t\t\t\t<div class=\"elementor-container elementor-column-gap-default\">\n\t\t\t\t\t<div class=\"elementor-column elementor-col-100 elementor-top-column elementor-element elementor-element-5bf81b81\" data-id=\"5bf81b81\" data-element_type=\"column\" data-e-type=\"column\">\n\t\t\t<div class=\"elementor-widget-wrap elementor-element-populated\">\n\t\t\t\t\t\t<div class=\"elementor-element elementor-element-72727e0a elementor-widget elementor-widget-heading\" data-id=\"72727e0a\" data-element_type=\"widget\" data-e-type=\"widget\" data-widget_type=\"heading.default\">\n\t\t\t\t<div class=\"elementor-widget-container\">\n\t\t\t\t\t<h1 class=\"elementor-heading-title elementor-size-default\">Histoire<\/h1>\t\t\t\t<\/div>\n\t\t\t\t<\/div>\n\t\t\t\t<div class=\"elementor-element elementor-element-5e01f758 elementor-widget elementor-widget-heading\" data-id=\"5e01f758\" data-element_type=\"widget\" data-e-type=\"widget\" data-widget_type=\"heading.default\">\n\t\t\t\t<div class=\"elementor-widget-container\">\n\t\t\t\t\t<h2 class=\"elementor-heading-title elementor-size-default\">d\u00e9couvrez notre h\u00e9ritage<\/h2>\t\t\t\t<\/div>\n\t\t\t\t<\/div>\n\t\t\t\t\t<\/div>\n\t\t<\/div>\n\t\t\t\t\t<\/div>\n\t\t<\/section>\n\t\t\t\t<section class=\"elementor-section elementor-top-section elementor-element elementor-element-44383930 elementor-section-boxed elementor-section-height-default elementor-section-height-default\" data-id=\"44383930\" data-element_type=\"section\" data-e-type=\"section\">\n\t\t\t\t\t\t<div class=\"elementor-container elementor-column-gap-default\">\n\t\t\t\t\t<div class=\"elementor-column elementor-col-100 elementor-top-column elementor-element elementor-element-e8bd398\" data-id=\"e8bd398\" data-element_type=\"column\" data-e-type=\"column\">\n\t\t\t<div class=\"elementor-widget-wrap elementor-element-populated\">\n\t\t\t\t\t\t<div class=\"elementor-element elementor-element-11f20a54 elementor-widget elementor-widget-text-editor\" data-id=\"11f20a54\" data-element_type=\"widget\" data-e-type=\"widget\" data-widget_type=\"text-editor.default\">\n\t\t\t\t<div class=\"elementor-widget-container\">\n\t\t\t\t\t\t\t\t\t<p>Le 16 mars 2006, le premier h\u00f4tel cinq \u00e9toiles des Terres de l&rsquo;Ebre a \u00e9t\u00e9 inaugur\u00e9 \u00e0 Xerta. Cet \u00e9tablissement est situ\u00e9 dans l&rsquo;ancien b\u00e2timent connu sous le nom de<a href=\"https:\/\/ca.wikipedia.org\/wiki\/Vil%C2%B7la_Retiro_(Xerta)\" target=\"_blank\" rel=\"noopener noreferrer\">\u00ab\u00a0la maison du millionnaire<\/a>\u00ab\u00a0, un homme originaire de Xerta qui a fait une grande fortune en Argentine.<\/p>\n<p>Jaime Mart\u00ed Tom\u00e0s est n\u00e9 le 27 mars 1844. Il \u00e9tait le deuxi\u00e8me de six fr\u00e8res et s\u0153urs. Son p\u00e8re, Antonio Juan Marti Cases, \u00e9tait un commer\u00e7ant fluvial. Le principal produit de son entreprise \u00e9tait le bl\u00e9, c&rsquo;est pourquoi il \u00e9tait connu sous le nom de \u00ab\u00a0Ceremines\u00a0\u00bb.<\/p>\n<p>Jaime a grandi aux c\u00f4t\u00e9s de l&rsquo;entreprise familiale, mais lorsque son fr\u00e8re a\u00een\u00e9 s&rsquo;est mari\u00e9, toute l&rsquo;entreprise de son p\u00e8re lui est revenue. En fait, une seule famille pouvait vivre de l&rsquo;entreprise, et trois des fr\u00e8res, Jaime, Ram\u00f3n et <a href=\"https:\/\/es.wikipedia.org\/wiki\/Fernando_Mart%C3%AD_Tom%C3%A1s\" target=\"_blank\" rel=\"noopener noreferrer\">Fernando<\/a>, ont d\u00e9cid\u00e9 de partir. Ils ont choisi de se rendre en Argentine car les nouvelles concernant les Catalans qui avaient \u00e9migr\u00e9 \u00e9taient plut\u00f4t positives. Ainsi commence l&rsquo;histoire des \u00ab\u00a0Americanos de Xerta\u00a0\u00bb.<\/p>\n<p>Dans un premier temps (ann\u00e9es 1870), ils se sont install\u00e9s \u00e0 Buenos Aires. La premi\u00e8re entreprise appartenait aux trois fr\u00e8res et s&rsquo;appelait \u00ab\u00a0Mart\u00ed Hermanos\u00a0\u00bb. L&rsquo;entreprise commercialisait diff\u00e9rents produits alimentaires de la P\u00e9ninsule vers l&rsquo;Argentine : huile d&rsquo;olive, olives, conserves, vins, spiritueux, etc.<\/p>\n<p>Au fil du temps, chacun des fr\u00e8res a fond\u00e9 d&rsquo;autres entreprises totalement ind\u00e9pendantes. Ram\u00f3n retourne \u00e0 Xerta et ach\u00e8te la maison qui appartient actuellement \u00e0 la famille Blanch-Navarro, connue sous le nom de maison \u00ab\u00a0Ceremines\u00a0\u00bb. Fernando a toujours v\u00e9cu en Argentine et a pay\u00e9 pour le remodelage du clocher de Xerta en 1910.<\/p>\n<p>Quant \u00e0 Jaime, pendant son s\u00e9jour en Argentine, il a rencontr\u00e9 d&rsquo;autres Catalans qui, comme lui, \u00e9taient partis chercher fortune. Avec certains d&rsquo;entre eux, il a cr\u00e9\u00e9 de nouvelles entreprises, mais il a \u00e9galement particip\u00e9 en tant qu&rsquo;actionnaire \u00e0 diff\u00e9rentes soci\u00e9t\u00e9s bancaires et d&rsquo;assurance et a acquis des propri\u00e9t\u00e9s et des domaines agricoles \u00e0 Bah\u00eda Blanca, une ville situ\u00e9e au sud de Buenos Aires. On peut donc en d\u00e9duire qu&rsquo;elle r\u00e9pondait aux perspectives commerciales qui correspondaient \u00e0 la bourgeoisie catalane qui s&rsquo;est install\u00e9e dans diff\u00e9rentes r\u00e9gions d&rsquo;Am\u00e9rique latine au XIXe si\u00e8cle.<\/p>\n<p>En 1871, Jaime a \u00e9pous\u00e9 une noble femme, Maria Dolores de C\u00f2dol Tom\u00e0s, baronne de C\u00f2dol. Ce mariage remplissait toutes les conditions de r\u00e9ussite : homme d&rsquo;affaires, commer\u00e7ant et apparent\u00e9 \u00e0 la noblesse catalane. James a divorc\u00e9 de la baronne en 1897 sans avoir eu d&rsquo;enfants. Plus tard, pendant son s\u00e9jour en Argentine, il a rencontr\u00e9 une jeune fille de nationalit\u00e9 uruguayenne, Juana Orfilia, qu&rsquo;il a \u00e9pous\u00e9e et dont il a eu un fils, Ernesto Carlos.<\/p>\n<p>En 1913, il d\u00e9cide de passer les derni\u00e8res ann\u00e9es de sa vie \u00e0 Xerta avec sa femme et son fils dans sa r\u00e9sidence de Villa Retiro. Il est possible que le nom de la maison refl\u00e8te son objectif. Il y avait une vieille maison sur cette propri\u00e9t\u00e9, que James a ordonn\u00e9 de d\u00e9molir, bien que certaines des fondations aient \u00e9t\u00e9 utilis\u00e9es. La nouvelle construction devait \u00eatre une r\u00e9volution architecturale : un b\u00e2timent avec un rez-de-chauss\u00e9e, un premier \u00e9tage et une terrasse, construit dans le nouveau style de l&rsquo;\u00e9poque, le modernisme, avec une touche coloniale particuli\u00e8re. La maison a \u00e9t\u00e9 achev\u00e9e en 1892.<\/p>\n<p>Son propri\u00e9taire y passera des p\u00e9riodes de temps jusqu&rsquo;\u00e0 ce qu&rsquo;il s&rsquo;installe d\u00e9finitivement en 1913. Ainsi, Villa Retiro n&rsquo;a \u00e9t\u00e9 la r\u00e9sidence d\u00e9finitive de Jaime que pendant un an, puisqu&rsquo;il est mort un an plus tard, en 1914. Sa femme et son fils seraient les h\u00e9ritiers.<\/p>\n<p>Apr\u00e8s la mort de Jaime, Ernesto Carlos \u00e9pouse sa cousine germaine Ernestina, fille de son oncle paternel Ram\u00f3n. De ce mariage sont n\u00e9s deux fils : Jaime et Ernesto Marti Marti. En juillet 1936, avec le d\u00e9but de la guerre civile espagnole, la veuve de Jaime, Ernesto Carlos et sa famille d\u00e9cident de quitter Xerta. Ils ont pass\u00e9 la guerre civile d&rsquo;abord en Italie, puis \u00e0 Saint-S\u00e9bastien. \u00c0 la fin de la guerre, la famille est retourn\u00e9e dans la maison, mais elle l&rsquo;a trouv\u00e9e dans une situation d\u00e9plorable, car elle avait \u00e9t\u00e9 utilis\u00e9e comme entrep\u00f4t et abri militaire. Malgr\u00e9 cela, ils sont revenus \u00e0 la charge.<\/p>\n<p>La veuve Juana est d\u00e9c\u00e9d\u00e9e \u00e0 Villa Retiro le 10 mai 1960. La maison est devenue la propri\u00e9t\u00e9 de son fils qui a transmis l&rsquo;h\u00e9ritage \u00e0 son fils a\u00een\u00e9 Jaime. Il s&rsquo;est mari\u00e9 et a eu trois enfants, vivant \u00e0 Villa Retiro pratiquement toute sa vie. Il a pass\u00e9 ses derni\u00e8res ann\u00e9es \u00e0 Pinell de Brai, dans la maison de sa fille, o\u00f9 sa femme vit encore aujourd&rsquo;hui.<\/p>\n\t\t\t\t\t\t\t\t<\/div>\n\t\t\t\t<\/div>\n\t\t\t\t<section class=\"elementor-section elementor-inner-section elementor-element elementor-element-47afa28e elementor-section-boxed elementor-section-height-default elementor-section-height-default\" data-id=\"47afa28e\" data-element_type=\"section\" data-e-type=\"section\" data-settings=\"{&quot;background_background&quot;:&quot;classic&quot;}\">\n\t\t\t\t\t\t<div class=\"elementor-container elementor-column-gap-default\">\n\t\t\t\t\t<div class=\"elementor-column elementor-col-100 elementor-inner-column elementor-element elementor-element-4f6faf66\" data-id=\"4f6faf66\" data-element_type=\"column\" data-e-type=\"column\">\n\t\t\t<div class=\"elementor-widget-wrap\">\n\t\t\t\t\t\t\t<\/div>\n\t\t<\/div>\n\t\t\t\t\t<\/div>\n\t\t<\/section>\n\t\t\t\t<div class=\"elementor-element elementor-element-50d076e3 elementor-widget elementor-widget-heading\" data-id=\"50d076e3\" data-element_type=\"widget\" data-e-type=\"widget\" data-widget_type=\"heading.default\">\n\t\t\t\t<div class=\"elementor-widget-container\">\n\t\t\t\t\t<h3 class=\"elementor-heading-title elementor-size-default\">La Villa Retiro aujourd'hui<\/h3>\t\t\t\t<\/div>\n\t\t\t\t<\/div>\n\t\t\t\t<div class=\"elementor-element elementor-element-5b0e760e elementor-widget elementor-widget-text-editor\" data-id=\"5b0e760e\" data-element_type=\"widget\" data-e-type=\"widget\" data-widget_type=\"text-editor.default\">\n\t\t\t\t<div class=\"elementor-widget-container\">\n\t\t\t\t\t\t\t\t\tEn 2001, il a accept\u00e9 l&rsquo;offre d&rsquo;achat de la famille L\u00f3pez-Gilabert, qui a achet\u00e9 le complexe avec l&rsquo;intention de cr\u00e9er des installations h\u00f4teli\u00e8res. Les nouveaux propri\u00e9taires ont ainsi r\u00e9nov\u00e9 la \u00ab\u00a0Villa Retiro\u00a0\u00bb au point d&rsquo;en faire un h\u00f4tel 5 \u00e9toiles. Le nouveau complexe respecte \u00e0 tout moment l&rsquo;architecture originale et le style moderniste du complexe. En outre, un immense jardin a \u00e9t\u00e9 r\u00e9cup\u00e9r\u00e9 et un restaurant, la Villa Retiro 1* Michelin, a \u00e9t\u00e9 install\u00e9, profitant des anciens quartiers ouvriers et retrouvant enfin la splendeur que la guerre avait autrefois emport\u00e9e.\n\t\t\t\t\t\t\t\t<\/div>\n\t\t\t\t<\/div>\n\t\t\t\t<div class=\"elementor-element elementor-element-484a4f51 elementor-widget elementor-widget-heading\" data-id=\"484a4f51\" data-element_type=\"widget\" data-e-type=\"widget\" data-widget_type=\"heading.default\">\n\t\t\t\t<div class=\"elementor-widget-container\">\n\t\t\t\t\t<h3 class=\"elementor-heading-title elementor-size-default\">Architecture<\/h3>\t\t\t\t<\/div>\n\t\t\t\t<\/div>\n\t\t\t\t<div class=\"elementor-element elementor-element-5408d45a elementor-widget elementor-widget-text-editor\" data-id=\"5408d45a\" data-element_type=\"widget\" data-e-type=\"widget\" data-widget_type=\"text-editor.default\">\n\t\t\t\t<div class=\"elementor-widget-container\">\n\t\t\t\t\t\t\t\t\tQuant \u00e0 l&rsquo;architecte responsable de la construction, plusieurs indices laissent penser qu&rsquo;il s&rsquo;agit de l&rsquo;\u0153uvre de <a href=\"https:\/\/es.wikipedia.org\/wiki\/Josep_Fontser%C3%A8\" target=\"_blank\" rel=\"noopener noreferrer\">Josep Fontser\u00e8<\/a>, l&rsquo;un des ma\u00eetres d&rsquo;<a href=\"https:\/\/es.wikipedia.org\/wiki\/Antoni_Gaud%C3%AD\" target=\"_blank\" rel=\"noopener noreferrer\">Antoni Gaud\u00ed et <\/a>un grand repr\u00e9sentant du <a href=\"https:\/\/es.wikipedia.org\/wiki\/Modernismo_catal%C3%A1n\" target=\"_blank\" rel=\"noopener noreferrer\">modernisme catalan<\/a>.\nEn fait, le type de construction et les compl\u00e9ments du b\u00e2timent sont tr\u00e8s similaires \u00e0 d&rsquo;autres \u0153uvres de Fontser\u00e8, comme le <a href=\"http:\/\/www.parcsama.com\/parque\/\" target=\"_blank\" rel=\"noopener noreferrer\">Parc Sam\u00e0<\/a>.\n\nAutour du b\u00e2timent, Jaime a ordonn\u00e9 la construction d&rsquo;une s\u00e9rie d&rsquo;ajouts ext\u00e9rieurs qui ont contribu\u00e9 \u00e0 urbaniser les environs : des jardins avec des arbres tropicaux et une cascade avec un petit lac. Un entrep\u00f4t auxiliaire et des quartiers ouvriers ont \u00e9galement \u00e9t\u00e9 cr\u00e9\u00e9s \u00e0 l&rsquo;ext\u00e9rieur, o\u00f9 la construction d&rsquo;un puits ovale en brique est une merveille d&rsquo;un point de vue architectural.\n\t\t\t\t\t\t\t\t<\/div>\n\t\t\t\t<\/div>\n\t\t\t\t\t<\/div>\n\t\t<\/div>\n\t\t\t\t\t<\/div>\n\t\t<\/section>\n\t\t\t\t<section class=\"elementor-section elementor-top-section elementor-element elementor-element-42f1f39 elementor-section-boxed elementor-section-height-default elementor-section-height-default\" data-id=\"42f1f39\" data-element_type=\"section\" data-e-type=\"section\">\n\t\t\t\t\t\t<div class=\"elementor-container elementor-column-gap-default\">\n\t\t\t\t\t<div class=\"elementor-column elementor-col-100 elementor-top-column elementor-element elementor-element-499154e\" data-id=\"499154e\" data-element_type=\"column\" data-e-type=\"column\">\n\t\t\t<div class=\"elementor-widget-wrap elementor-element-populated\">\n\t\t\t\t\t\t<div class=\"elementor-element elementor-element-264e685 elementor-widget elementor-widget-heading\" data-id=\"264e685\" data-element_type=\"widget\" data-e-type=\"widget\" data-widget_type=\"heading.default\">\n\t\t\t\t<div class=\"elementor-widget-container\">\n\t\t\t\t\t<h3 class=\"elementor-heading-title elementor-size-default\">Profitez Villa Retiro<\/h3>\t\t\t\t<\/div>\n\t\t\t\t<\/div>\n\t\t\t\t<section class=\"elementor-section elementor-inner-section elementor-element elementor-element-b3d9d7b elementor-section-boxed elementor-section-height-default elementor-section-height-default\" data-id=\"b3d9d7b\" data-element_type=\"section\" data-e-type=\"section\">\n\t\t\t\t\t\t<div class=\"elementor-container elementor-column-gap-default\">\n\t\t\t\t\t<div class=\"elementor-column elementor-col-33 elementor-inner-column elementor-element elementor-element-f778d8c\" data-id=\"f778d8c\" data-element_type=\"column\" data-e-type=\"column\" data-settings=\"{&quot;background_background&quot;:&quot;classic&quot;}\">\n\t\t\t<div class=\"elementor-widget-wrap elementor-element-populated\">\n\t\t\t\t\t<div class=\"elementor-background-overlay\"><\/div>\n\t\t\t\t\t\t<div class=\"elementor-element elementor-element-c7da030 elementor-widget elementor-widget-html\" data-id=\"c7da030\" data-element_type=\"widget\" data-e-type=\"widget\" data-widget_type=\"html.default\">\n\t\t\t\t<div class=\"elementor-widget-container\">\n\t\t\t\t\t<a href=\"https:\/\/hotelvillaretiro.com\/fr\/chambres\/\">\t\t\t\t<\/div>\n\t\t\t\t<\/div>\n\t\t\t\t<div class=\"elementor-element elementor-element-4d8f28f elementor-widget elementor-widget-spacer\" data-id=\"4d8f28f\" data-element_type=\"widget\" data-e-type=\"widget\" data-widget_type=\"spacer.default\">\n\t\t\t\t<div class=\"elementor-widget-container\">\n\t\t\t\t\t\t\t<div class=\"elementor-spacer\">\n\t\t\t<div class=\"elementor-spacer-inner\"><\/div>\n\t\t<\/div>\n\t\t\t\t\t\t<\/div>\n\t\t\t\t<\/div>\n\t\t\t\t<div class=\"elementor-element elementor-element-6facffc elementor-widget elementor-widget-heading\" data-id=\"6facffc\" data-element_type=\"widget\" data-e-type=\"widget\" data-widget_type=\"heading.default\">\n\t\t\t\t<div class=\"elementor-widget-container\">\n\t\t\t\t\t<h4 class=\"elementor-heading-title elementor-size-default\">Chambres<\/h4>\t\t\t\t<\/div>\n\t\t\t\t<\/div>\n\t\t\t\t<div class=\"elementor-element elementor-element-9ce12d7 elementor-widget elementor-widget-text-editor\" data-id=\"9ce12d7\" data-element_type=\"widget\" data-e-type=\"widget\" data-widget_type=\"text-editor.default\">\n\t\t\t\t<div class=\"elementor-widget-container\">\n\t\t\t\t\t\t\t\t\t<p>Con\u00e7u pour votre repos<\/p>\n\t\t\t\t\t\t\t\t<\/div>\n\t\t\t\t<\/div>\n\t\t\t\t<div class=\"elementor-element elementor-element-686b793 elementor-widget elementor-widget-html\" data-id=\"686b793\" data-element_type=\"widget\" data-e-type=\"widget\" data-widget_type=\"html.default\">\n\t\t\t\t<div class=\"elementor-widget-container\">\n\t\t\t\t\t<\/a>\t\t\t\t<\/div>\n\t\t\t\t<\/div>\n\t\t\t\t\t<\/div>\n\t\t<\/div>\n\t\t\t\t<div class=\"elementor-column elementor-col-33 elementor-inner-column elementor-element elementor-element-56c13d4\" data-id=\"56c13d4\" data-element_type=\"column\" data-e-type=\"column\" data-settings=\"{&quot;background_background&quot;:&quot;classic&quot;}\">\n\t\t\t<div class=\"elementor-widget-wrap elementor-element-populated\">\n\t\t\t\t\t<div class=\"elementor-background-overlay\"><\/div>\n\t\t\t\t\t\t<div class=\"elementor-element elementor-element-93c8315 elementor-widget elementor-widget-html\" data-id=\"93c8315\" data-element_type=\"widget\" data-e-type=\"widget\" data-widget_type=\"html.default\">\n\t\t\t\t<div class=\"elementor-widget-container\">\n\t\t\t\t\t<a href=\"https:\/\/hotelvillaretiro.com\/fr\/restaurant\/\">\t\t\t\t<\/div>\n\t\t\t\t<\/div>\n\t\t\t\t<div class=\"elementor-element elementor-element-d1327e2 elementor-widget elementor-widget-spacer\" data-id=\"d1327e2\" data-element_type=\"widget\" data-e-type=\"widget\" data-widget_type=\"spacer.default\">\n\t\t\t\t<div class=\"elementor-widget-container\">\n\t\t\t\t\t\t\t<div class=\"elementor-spacer\">\n\t\t\t<div class=\"elementor-spacer-inner\"><\/div>\n\t\t<\/div>\n\t\t\t\t\t\t<\/div>\n\t\t\t\t<\/div>\n\t\t\t\t<div class=\"elementor-element elementor-element-bbc6d5f elementor-widget elementor-widget-heading\" data-id=\"bbc6d5f\" data-element_type=\"widget\" data-e-type=\"widget\" data-widget_type=\"heading.default\">\n\t\t\t\t<div class=\"elementor-widget-container\">\n\t\t\t\t\t<h4 class=\"elementor-heading-title elementor-size-default\">Gastronomie<\/h4>\t\t\t\t<\/div>\n\t\t\t\t<\/div>\n\t\t\t\t<div class=\"elementor-element elementor-element-0b578cc elementor-widget elementor-widget-text-editor\" data-id=\"0b578cc\" data-element_type=\"widget\" data-e-type=\"widget\" data-widget_type=\"text-editor.default\">\n\t\t\t\t<div class=\"elementor-widget-container\">\n\t\t\t\t\t\t\t\t\t<p>1 \u00e9toile au Michelin<\/p>\n\t\t\t\t\t\t\t\t<\/div>\n\t\t\t\t<\/div>\n\t\t\t\t<div class=\"elementor-element elementor-element-6e7207b elementor-widget elementor-widget-html\" data-id=\"6e7207b\" data-element_type=\"widget\" data-e-type=\"widget\" data-widget_type=\"html.default\">\n\t\t\t\t<div class=\"elementor-widget-container\">\n\t\t\t\t\t<\/a>\t\t\t\t<\/div>\n\t\t\t\t<\/div>\n\t\t\t\t\t<\/div>\n\t\t<\/div>\n\t\t\t\t<div class=\"elementor-column elementor-col-33 elementor-inner-column elementor-element elementor-element-58be507\" data-id=\"58be507\" data-element_type=\"column\" data-e-type=\"column\" data-settings=\"{&quot;background_background&quot;:&quot;classic&quot;}\">\n\t\t\t<div class=\"elementor-widget-wrap elementor-element-populated\">\n\t\t\t\t\t<div class=\"elementor-background-overlay\"><\/div>\n\t\t\t\t\t\t<div class=\"elementor-element elementor-element-102cc44 elementor-widget elementor-widget-html\" data-id=\"102cc44\" data-element_type=\"widget\" data-e-type=\"widget\" data-widget_type=\"html.default\">\n\t\t\t\t<div class=\"elementor-widget-container\">\n\t\t\t\t\t<a href=\"https:\/\/hotelvillaretiro.com\/fr\/escapades\/\">\t\t\t\t<\/div>\n\t\t\t\t<\/div>\n\t\t\t\t<div class=\"elementor-element elementor-element-fec2d76 elementor-widget elementor-widget-spacer\" data-id=\"fec2d76\" data-element_type=\"widget\" data-e-type=\"widget\" data-widget_type=\"spacer.default\">\n\t\t\t\t<div class=\"elementor-widget-container\">\n\t\t\t\t\t\t\t<div class=\"elementor-spacer\">\n\t\t\t<div class=\"elementor-spacer-inner\"><\/div>\n\t\t<\/div>\n\t\t\t\t\t\t<\/div>\n\t\t\t\t<\/div>\n\t\t\t\t<div class=\"elementor-element elementor-element-66a00b1 elementor-widget elementor-widget-heading\" data-id=\"66a00b1\" data-element_type=\"widget\" data-e-type=\"widget\" data-widget_type=\"heading.default\">\n\t\t\t\t<div class=\"elementor-widget-container\">\n\t\t\t\t\t<h4 class=\"elementor-heading-title elementor-size-default\">Escapades<\/h4>\t\t\t\t<\/div>\n\t\t\t\t<\/div>\n\t\t\t\t<div class=\"elementor-element elementor-element-afbf0c6 elementor-widget elementor-widget-text-editor\" data-id=\"afbf0c6\" data-element_type=\"widget\" data-e-type=\"widget\" data-widget_type=\"text-editor.default\">\n\t\t\t\t<div class=\"elementor-widget-container\">\n\t\t\t\t\t\t\t\t\t<p>Des exp\u00e9riences uniques<\/p>\n\t\t\t\t\t\t\t\t<\/div>\n\t\t\t\t<\/div>\n\t\t\t\t<div class=\"elementor-element elementor-element-2c6d47c elementor-widget elementor-widget-html\" data-id=\"2c6d47c\" data-element_type=\"widget\" data-e-type=\"widget\" data-widget_type=\"html.default\">\n\t\t\t\t<div class=\"elementor-widget-container\">\n\t\t\t\t\t<\/a>\t\t\t\t<\/div>\n\t\t\t\t<\/div>\n\t\t\t\t\t<\/div>\n\t\t<\/div>\n\t\t\t\t\t<\/div>\n\t\t<\/section>\n\t\t\t\t\t<\/div>\n\t\t<\/div>\n\t\t\t\t\t<\/div>\n\t\t<\/section>\n\t\t\t\t<\/div>\n\t\t","protected":false},"excerpt":{"rendered":"<p>Histoire d\u00e9couvrez notre h\u00e9ritage Le 16 mars 2006, le premier h\u00f4tel cinq \u00e9toiles des Terres de l&rsquo;Ebre a \u00e9t\u00e9 inaugur\u00e9 \u00e0 Xerta. Cet \u00e9tablissement est situ\u00e9 dans l&rsquo;ancien b\u00e2timent connu sous le nom de\u00ab\u00a0la maison du millionnaire\u00ab\u00a0, un homme originaire de Xerta qui a fait une grande fortune en Argentine. Jaime Mart\u00ed Tom\u00e0s est n\u00e9 [&hellip;]<\/p>\n","protected":false},"author":100,"featured_media":0,"parent":0,"menu_order":0,"comment_status":"closed","ping_status":"closed","template":"","meta":{"inline_featured_image":false,"footnotes":""},"class_list":["post-41804","page","type-page","status-publish","hentry"],"yoast_head":"<!-- This site is optimized with the Yoast SEO plugin v27.2 - https:\/\/yoast.com\/product\/yoast-seo-wordpress\/ -->\n<title>Histoire de l&#039;h\u00f4tel Villa Retiro<\/title>\n<meta name=\"robots\" content=\"index, follow, max-snippet:-1, max-image-preview:large, max-video-preview:-1\" \/>\n<link rel=\"canonical\" href=\"https:\/\/hotelvillaretiro.com\/fr\/histoire\/\" \/>\n<meta property=\"og:locale\" content=\"fr_FR\" \/>\n<meta property=\"og:type\" content=\"article\" \/>\n<meta property=\"og:title\" content=\"Histoire de l&#039;h\u00f4tel Villa Retiro\" \/>\n<meta property=\"og:description\" content=\"Histoire d\u00e9couvrez notre h\u00e9ritage Le 16 mars 2006, le premier h\u00f4tel cinq \u00e9toiles des Terres de l&rsquo;Ebre a \u00e9t\u00e9 inaugur\u00e9 \u00e0 Xerta. Cet \u00e9tablissement est situ\u00e9 dans l&rsquo;ancien b\u00e2timent connu sous le nom de\u00ab\u00a0la maison du millionnaire\u00ab\u00a0, un homme originaire de Xerta qui a fait une grande fortune en Argentine. Jaime Mart\u00ed Tom\u00e0s est n\u00e9 [&hellip;]\" \/>\n<meta property=\"og:url\" content=\"https:\/\/hotelvillaretiro.com\/fr\/histoire\/\" \/>\n<meta property=\"og:site_name\" content=\"Hotel Villa Retiro\" \/>\n<meta property=\"article:modified_time\" content=\"2023-04-04T14:23:00+00:00\" \/>\n<meta name=\"twitter:card\" content=\"summary_large_image\" \/>\n<meta name=\"twitter:label1\" content=\"Dur\u00e9e de lecture estim\u00e9e\" \/>\n\t<meta name=\"twitter:data1\" content=\"6 minutes\" \/>\n<script type=\"application\/ld+json\" class=\"yoast-schema-graph\">{\"@context\":\"https:\/\/schema.org\",\"@graph\":[{\"@type\":\"WebPage\",\"@id\":\"https:\/\/hotelvillaretiro.com\/fr\/histoire\/\",\"url\":\"https:\/\/hotelvillaretiro.com\/fr\/histoire\/\",\"name\":\"Histoire de l'h\u00f4tel Villa Retiro\",\"isPartOf\":{\"@id\":\"https:\/\/hotelvillaretiro.com\/#website\"},\"datePublished\":\"2023-02-02T05:41:26+00:00\",\"dateModified\":\"2023-04-04T14:23:00+00:00\",\"breadcrumb\":{\"@id\":\"https:\/\/hotelvillaretiro.com\/fr\/histoire\/#breadcrumb\"},\"inLanguage\":\"fr-FR\",\"potentialAction\":[{\"@type\":\"ReadAction\",\"target\":[\"https:\/\/hotelvillaretiro.com\/fr\/histoire\/\"]}]},{\"@type\":\"BreadcrumbList\",\"@id\":\"https:\/\/hotelvillaretiro.com\/fr\/histoire\/#breadcrumb\",\"itemListElement\":[{\"@type\":\"ListItem\",\"position\":1,\"name\":\"Portada\",\"item\":\"https:\/\/hotelvillaretiro.com\/fr\/elementor-40227\/\"},{\"@type\":\"ListItem\",\"position\":2,\"name\":\"Histoire\"}]},{\"@type\":\"WebSite\",\"@id\":\"https:\/\/hotelvillaretiro.com\/#website\",\"url\":\"https:\/\/hotelvillaretiro.com\/\",\"name\":\"Hotel Villa Retiro\",\"description\":\"Hotel de 5 estrellas en les Terres de l&#039;Ebre\",\"publisher\":{\"@id\":\"https:\/\/hotelvillaretiro.com\/#organization\"},\"potentialAction\":[{\"@type\":\"SearchAction\",\"target\":{\"@type\":\"EntryPoint\",\"urlTemplate\":\"https:\/\/hotelvillaretiro.com\/?s={search_term_string}\"},\"query-input\":{\"@type\":\"PropertyValueSpecification\",\"valueRequired\":true,\"valueName\":\"search_term_string\"}}],\"inLanguage\":\"fr-FR\"},{\"@type\":\"Organization\",\"@id\":\"https:\/\/hotelvillaretiro.com\/#organization\",\"name\":\"Hotel Villa Retiro\",\"url\":\"https:\/\/hotelvillaretiro.com\/\",\"logo\":{\"@type\":\"ImageObject\",\"inLanguage\":\"fr-FR\",\"@id\":\"https:\/\/hotelvillaretiro.com\/#\/schema\/logo\/image\/\",\"url\":\"https:\/\/hotelvillaretiro.com\/wp-content\/uploads\/2025\/02\/hotel-villa-retiro-logo.svg\",\"contentUrl\":\"https:\/\/hotelvillaretiro.com\/wp-content\/uploads\/2025\/02\/hotel-villa-retiro-logo.svg\",\"width\":1358,\"height\":850,\"caption\":\"Hotel Villa Retiro\"},\"image\":{\"@id\":\"https:\/\/hotelvillaretiro.com\/#\/schema\/logo\/image\/\"}}]}<\/script>\n<!-- \/ Yoast SEO plugin. -->","yoast_head_json":{"title":"Histoire de l'h\u00f4tel Villa Retiro","robots":{"index":"index","follow":"follow","max-snippet":"max-snippet:-1","max-image-preview":"max-image-preview:large","max-video-preview":"max-video-preview:-1"},"canonical":"https:\/\/hotelvillaretiro.com\/fr\/histoire\/","og_locale":"fr_FR","og_type":"article","og_title":"Histoire de l'h\u00f4tel Villa Retiro","og_description":"Histoire d\u00e9couvrez notre h\u00e9ritage Le 16 mars 2006, le premier h\u00f4tel cinq \u00e9toiles des Terres de l&rsquo;Ebre a \u00e9t\u00e9 inaugur\u00e9 \u00e0 Xerta. Cet \u00e9tablissement est situ\u00e9 dans l&rsquo;ancien b\u00e2timent connu sous le nom de\u00ab\u00a0la maison du millionnaire\u00ab\u00a0, un homme originaire de Xerta qui a fait une grande fortune en Argentine. Jaime Mart\u00ed Tom\u00e0s est n\u00e9 [&hellip;]","og_url":"https:\/\/hotelvillaretiro.com\/fr\/histoire\/","og_site_name":"Hotel Villa Retiro","article_modified_time":"2023-04-04T14:23:00+00:00","twitter_card":"summary_large_image","twitter_misc":{"Dur\u00e9e de lecture estim\u00e9e":"6 minutes"},"schema":{"@context":"https:\/\/schema.org","@graph":[{"@type":"WebPage","@id":"https:\/\/hotelvillaretiro.com\/fr\/histoire\/","url":"https:\/\/hotelvillaretiro.com\/fr\/histoire\/","name":"Histoire de l'h\u00f4tel Villa Retiro","isPartOf":{"@id":"https:\/\/hotelvillaretiro.com\/#website"},"datePublished":"2023-02-02T05:41:26+00:00","dateModified":"2023-04-04T14:23:00+00:00","breadcrumb":{"@id":"https:\/\/hotelvillaretiro.com\/fr\/histoire\/#breadcrumb"},"inLanguage":"fr-FR","potentialAction":[{"@type":"ReadAction","target":["https:\/\/hotelvillaretiro.com\/fr\/histoire\/"]}]},{"@type":"BreadcrumbList","@id":"https:\/\/hotelvillaretiro.com\/fr\/histoire\/#breadcrumb","itemListElement":[{"@type":"ListItem","position":1,"name":"Portada","item":"https:\/\/hotelvillaretiro.com\/fr\/elementor-40227\/"},{"@type":"ListItem","position":2,"name":"Histoire"}]},{"@type":"WebSite","@id":"https:\/\/hotelvillaretiro.com\/#website","url":"https:\/\/hotelvillaretiro.com\/","name":"Hotel Villa Retiro","description":"Hotel de 5 estrellas en les Terres de l&#039;Ebre","publisher":{"@id":"https:\/\/hotelvillaretiro.com\/#organization"},"potentialAction":[{"@type":"SearchAction","target":{"@type":"EntryPoint","urlTemplate":"https:\/\/hotelvillaretiro.com\/?s={search_term_string}"},"query-input":{"@type":"PropertyValueSpecification","valueRequired":true,"valueName":"search_term_string"}}],"inLanguage":"fr-FR"},{"@type":"Organization","@id":"https:\/\/hotelvillaretiro.com\/#organization","name":"Hotel Villa Retiro","url":"https:\/\/hotelvillaretiro.com\/","logo":{"@type":"ImageObject","inLanguage":"fr-FR","@id":"https:\/\/hotelvillaretiro.com\/#\/schema\/logo\/image\/","url":"https:\/\/hotelvillaretiro.com\/wp-content\/uploads\/2025\/02\/hotel-villa-retiro-logo.svg","contentUrl":"https:\/\/hotelvillaretiro.com\/wp-content\/uploads\/2025\/02\/hotel-villa-retiro-logo.svg","width":1358,"height":850,"caption":"Hotel Villa Retiro"},"image":{"@id":"https:\/\/hotelvillaretiro.com\/#\/schema\/logo\/image\/"}}]}},"_links":{"self":[{"href":"https:\/\/hotelvillaretiro.com\/fr\/wp-json\/wp\/v2\/pages\/41804","targetHints":{"allow":["GET"]}}],"collection":[{"href":"https:\/\/hotelvillaretiro.com\/fr\/wp-json\/wp\/v2\/pages"}],"about":[{"href":"https:\/\/hotelvillaretiro.com\/fr\/wp-json\/wp\/v2\/types\/page"}],"author":[{"embeddable":true,"href":"https:\/\/hotelvillaretiro.com\/fr\/wp-json\/wp\/v2\/users\/100"}],"replies":[{"embeddable":true,"href":"https:\/\/hotelvillaretiro.com\/fr\/wp-json\/wp\/v2\/comments?post=41804"}],"version-history":[{"count":0,"href":"https:\/\/hotelvillaretiro.com\/fr\/wp-json\/wp\/v2\/pages\/41804\/revisions"}],"wp:attachment":[{"href":"https:\/\/hotelvillaretiro.com\/fr\/wp-json\/wp\/v2\/media?parent=41804"}],"curies":[{"name":"wp","href":"https:\/\/api.w.org\/{rel}","templated":true}]}}